{"id":3432,"date":"2022-05-18T09:10:27","date_gmt":"2022-05-18T09:10:27","guid":{"rendered":"http:\/\/www.portginesta.com\/magazin\/"},"modified":"2024-06-03T10:11:49","modified_gmt":"2024-06-03T08:11:49","slug":"magazin","status":"publish","type":"page","link":"https:\/\/www.portginesta.com\/de\/magazin\/","title":{"rendered":"Medienauftritte"},"content":{"rendered":"<p>[et_pb_section fb_built=&#8220;1&#8243; _builder_version=&#8220;4.16&#8243; _module_preset=&#8220;default&#8220; custom_padding=&#8220;||0px||false|false&#8220; global_colors_info=&#8220;{}&#8220;][et_pb_row _builder_version=&#8220;4.16&#8243; _module_preset=&#8220;default&#8220; global_colors_info=&#8220;{}&#8220;][et_pb_column type=&#8220;4_4&#8243; _builder_version=&#8220;4.16&#8243; _module_preset=&#8220;default&#8220; global_colors_info=&#8220;{}&#8220;][et_pb_text _builder_version=&#8220;4.19.0&#8243; _module_preset=&#8220;default&#8220; header_font=&#8220;Poppins|700|||||||&#8220; header_text_color=&#8220;#002554&#8243; custom_margin=&#8220;||10px||false|false&#8220; global_colors_info=&#8220;{}&#8220;]<\/p>\n<h1>MEDIENAUFTRITTE<\/h1>\n<p>[\/et_pb_text][et_pb_divider color=&#8220;#FFD600&#8243; divider_weight=&#8220;5px&#8220; _builder_version=&#8220;4.16&#8243; _module_preset=&#8220;default&#8220; max_width=&#8220;50px&#8220; custom_margin=&#8220;0px||0px||true|false&#8220; custom_padding=&#8220;0px||0px||true|false&#8220; global_colors_info=&#8220;{}&#8220;][\/et_pb_divider][\/et_pb_column][\/et_pb_row][\/et_pb_section][et_pb_section fb_built=&#8220;1&#8243; _builder_version=&#8220;4.16&#8243; _module_preset=&#8220;default&#8220; background_image=&#8220;https:\/\/www.portginesta.com\/wp-content\/uploads\/2022\/01\/img-fondo-documentos.jpg&#8220; background_position=&#8220;center_left&#8220; min_height=&#8220;250px&#8220; global_colors_info=&#8220;{}&#8220;][et_pb_row _builder_version=&#8220;4.16&#8243; _module_preset=&#8220;default&#8220; global_colors_info=&#8220;{}&#8220;][et_pb_column type=&#8220;4_4&#8243; _builder_version=&#8220;4.16&#8243; _module_preset=&#8220;default&#8220; global_colors_info=&#8220;{}&#8220;][\/et_pb_column][\/et_pb_row][\/et_pb_section][et_pb_section fb_built=&#8220;1&#8243; disabled_on=&#8220;off|off|off&#8220; module_class=&#8220;seccion-documentos&#8220; _builder_version=&#8220;4.16&#8243; _module_preset=&#8220;default&#8220; custom_margin=&#8220;0px||0px||true|false&#8220; custom_padding=&#8220;60px||40px||false|false&#8220; background_last_edited=&#8220;on|tablet&#8220; background_enable_color_tablet=&#8220;off&#8220; locked=&#8220;off&#8220; global_colors_info=&#8220;{}&#8220;][et_pb_row column_structure=&#8220;1_6,1_6,1_6,1_6,1_6,1_6&#8243; _builder_version=&#8220;4.16&#8243; _module_preset=&#8220;default&#8220; custom_margin=&#8220;0px||||false|false&#8220; custom_padding=&#8220;20px|10px|0px|10px|false|true&#8220; global_colors_info=&#8220;{}&#8220;][et_pb_column type=&#8220;1_6&#8243; _builder_version=&#8220;4.16&#8243; _module_preset=&#8220;default&#8220; global_colors_info=&#8220;{}&#8220;][et_pb_image src=&#8220;https:\/\/www.portginesta.com\/wp-content\/uploads\/2022\/01\/costes1.jpeg&#8220; title_text=&#8220;Les Costes Ausgabe 11&#8243; url=&#8220;https:\/\/es.calameo.com\/read\/00531815300aa9de9a2dc&#8220; url_new_window=&#8220;on&#8220; _builder_version=&#8220;4.16&#8243; _module_preset=&#8220;default&#8220; custom_padding=&#8220;|||3em|false|false&#8220; global_colors_info=&#8220;{}&#8220;][\/et_pb_image][\/et_pb_column][et_pb_column type=&#8220;1_6&#8243; _builder_version=&#8220;4.16&#8243; _module_preset=&#8220;default&#8220; global_colors_info=&#8220;{}&#8220;][et_pb_text _builder_version=&#8220;4.16&#8243; _module_preset=&#8220;default&#8220; link_font=&#8220;Poppins||||||||&#8220; link_text_color=&#8220;#232323&#8243; ul_font=&#8220;Poppins||||||||&#8220; custom_margin=&#8220;|||-20px|false|false&#8220; link_option_url=&#8220;https:\/\/es.calameo.com\/read\/00531815300aa9de9a2dc&#8220; link_option_url_new_window=&#8220;on&#8220; global_colors_info=&#8220;{}&#8220;]<\/p>\n<p>Les Costes Ausgabe 1<\/p>\n<p>[\/et_pb_text][\/et_pb_column][et_pb_column type=&#8220;1_6&#8243; _builder_version=&#8220;4.16&#8243; _module_preset=&#8220;default&#8220; global_colors_info=&#8220;{}&#8220;][et_pb_image src=&#8220;https:\/\/www.portginesta.com\/wp-content\/uploads\/2022\/01\/costes2.jpeg&#8220; title_text=&#8220;costes2&#8243; url=&#8220;https:\/\/es.calameo.com\/read\/005318153c2752d69b229&#8243; url_new_window=&#8220;on&#8220; _builder_version=&#8220;4.16&#8243; _module_preset=&#8220;default&#8220; custom_padding=&#8220;|||3em|false|false&#8220; global_colors_info=&#8220;{}&#8220;][\/et_pb_image][\/et_pb_column][et_pb_column type=&#8220;1_6&#8243; _builder_version=&#8220;4.16&#8243; _module_preset=&#8220;default&#8220; global_colors_info=&#8220;{}&#8220;][et_pb_text _builder_version=&#8220;4.16&#8243; _module_preset=&#8220;default&#8220; link_font=&#8220;Poppins||||||||&#8220; link_text_color=&#8220;#232323&#8243; ul_font=&#8220;Poppins||||||||&#8220; custom_margin=&#8220;|||-20px|false|false&#8220; link_option_url=&#8220;https:\/\/es.calameo.com\/read\/005318153c2752d69b229&#8243; link_option_url_new_window=&#8220;on&#8220; global_colors_info=&#8220;{}&#8220;]<\/p>\n<p><a href=\"http:\/\/www.calameo.com\/read\/005318153c2752d69b229\" target=\"_blank\" rel=\"noopener\">Les Costes Ausgabe 2<\/a><\/p>\n<p>[\/et_pb_text][\/et_pb_column][et_pb_column type=&#8220;1_6&#8243; _builder_version=&#8220;4.16&#8243; _module_preset=&#8220;default&#8220; global_colors_info=&#8220;{}&#8220;][et_pb_image src=&#8220;https:\/\/www.portginesta.com\/wp-content\/uploads\/2022\/01\/Multihulls-Jan-Feb2021.jpeg&#8220; title_text=&#8220;Multihulls-Jan-Feb2021&#8243; url=&#8220;https:\/\/www.portginesta.com\/wp-content\/uploads\/2022\/01\/Multihulls-Jan-Feb2021.pdf&#8220; url_new_window=&#8220;on&#8220; _builder_version=&#8220;4.16&#8243; _module_preset=&#8220;default&#8220; custom_padding=&#8220;|||3em|false|false&#8220; global_colors_info=&#8220;{}&#8220;][\/et_pb_image][\/et_pb_column][et_pb_column type=&#8220;1_6&#8243; _builder_version=&#8220;4.16&#8243; _module_preset=&#8220;default&#8220; global_colors_info=&#8220;{}&#8220;][et_pb_text _builder_version=&#8220;4.16&#8243; _module_preset=&#8220;default&#8220; link_font=&#8220;Poppins||||||||&#8220; link_text_color=&#8220;#232323&#8243; ul_font=&#8220;Poppins||||||||&#8220; custom_margin=&#8220;|||-20px|false|false&#8220; link_option_url=&#8220;https:\/\/www.portginesta.com\/wp-content\/uploads\/2022\/01\/Multihulls-Jan-Feb2021.pdf&#8220; link_option_url_new_window=&#8220;on&#8220; global_colors_info=&#8220;{}&#8220;]<\/p>\n<p><a href=\"https:\/\/www.portginesta.com\/pdf\/Multihulls-Jan-Feb2021.pdf\" target=\"_blank\" rel=\"noopener\">Multihulls<br \/>Januar bis Februar 2021<\/a><\/p>\n<p>[\/et_pb_text][\/et_pb_column][\/et_pb_row][et_pb_row column_structure=&#8220;1_6,1_6,1_6,1_6,1_6,1_6&#8243; _builder_version=&#8220;4.16&#8243; _module_preset=&#8220;default&#8220; custom_margin=&#8220;0px||||false|false&#8220; custom_padding=&#8220;20px|10px|0px|10px|false|true&#8220; global_colors_info=&#8220;{}&#8220;][et_pb_column type=&#8220;1_6&#8243; _builder_version=&#8220;4.16&#8243; _module_preset=&#8220;default&#8220; global_colors_info=&#8220;{}&#8220;][et_pb_image src=&#8220;https:\/\/www.portginesta.com\/wp-content\/uploads\/2022\/01\/costes3.jpeg&#8220; title_text=&#8220;costes3&#8243; url=&#8220;https:\/\/es.calameo.com\/read\/005318153e0fce47e7a42&#8243; url_new_window=&#8220;on&#8220; _builder_version=&#8220;4.16&#8243; _module_preset=&#8220;default&#8220; custom_padding=&#8220;|||3em|false|false&#8220; global_colors_info=&#8220;{}&#8220;][\/et_pb_image][\/et_pb_column][et_pb_column type=&#8220;1_6&#8243; _builder_version=&#8220;4.16&#8243; _module_preset=&#8220;default&#8220; global_colors_info=&#8220;{}&#8220;][et_pb_text _builder_version=&#8220;4.16&#8243; _module_preset=&#8220;default&#8220; link_font=&#8220;Poppins||||||||&#8220; link_text_color=&#8220;#232323&#8243; ul_font=&#8220;Poppins||||||||&#8220; custom_margin=&#8220;|||-20px|false|false&#8220; link_option_url=&#8220;https:\/\/es.calameo.com\/read\/005318153e0fce47e7a42&#8243; link_option_url_new_window=&#8220;on&#8220; global_colors_info=&#8220;{}&#8220;]<\/p>\n<p><a href=\"http:\/\/www.calameo.com\/read\/005318153e0fce47e7a42\" target=\"_blank\" rel=\"noopener\">Les Costes Auflage 3<\/a><\/p>\n<p>[\/et_pb_text][\/et_pb_column][et_pb_column type=&#8220;1_6&#8243; _builder_version=&#8220;4.16&#8243; _module_preset=&#8220;default&#8220; global_colors_info=&#8220;{}&#8220;][et_pb_image src=&#8220;https:\/\/www.portginesta.com\/wp-content\/uploads\/2022\/01\/Mares.jpeg&#8220; title_text=&#8220;Mares&#8220; url=&#8220;https:\/\/www.portginesta.com\/wp-content\/uploads\/2022\/01\/Mares.pdf&#8220; _builder_version=&#8220;4.16&#8243; _module_preset=&#8220;default&#8220; custom_padding=&#8220;|||3em|false|false&#8220; global_colors_info=&#8220;{}&#8220;][\/et_pb_image][\/et_pb_column][et_pb_column type=&#8220;1_6&#8243; _builder_version=&#8220;4.16&#8243; _module_preset=&#8220;default&#8220; global_colors_info=&#8220;{}&#8220;][et_pb_text _builder_version=&#8220;4.16&#8243; _module_preset=&#8220;default&#8220; link_font=&#8220;Poppins||||||||&#8220; link_text_color=&#8220;#232323&#8243; ul_font=&#8220;Poppins||||||||&#8220; custom_margin=&#8220;|||-20px|false|false&#8220; link_option_url=&#8220;https:\/\/www.portginesta.com\/wp-content\/uploads\/2022\/01\/Mares.pdf&#8220; global_colors_info=&#8220;{}&#8220;]<\/p>\n<p><a href=\"https:\/\/www.portginesta.com\/pdf\/Mares.pdf\" target=\"_blank\" rel=\"noopener\">Mares<br \/>Oktober 2020<\/a><\/p>\n<p>[\/et_pb_text][\/et_pb_column][et_pb_column type=&#8220;1_6&#8243; _builder_version=&#8220;4.16&#8243; _module_preset=&#8220;default&#8220; global_colors_info=&#8220;{}&#8220;][et_pb_image src=&#8220;https:\/\/www.portginesta.com\/wp-content\/uploads\/2022\/01\/Yacht-Revue.jpeg&#8220; title_text=&#8220;Yacht-Revue&#8220; url=&#8220;https:\/\/www.yachtrevue.at\/yachten\/news-segelyachten\/eyoty-segelyachten-europas-11314290&#8243; url_new_window=&#8220;on&#8220; _builder_version=&#8220;4.16&#8243; _module_preset=&#8220;default&#8220; custom_padding=&#8220;|||3em|false|false&#8220; global_colors_info=&#8220;{}&#8220;][\/et_pb_image][\/et_pb_column][et_pb_column type=&#8220;1_6&#8243; _builder_version=&#8220;4.16&#8243; _module_preset=&#8220;default&#8220; global_colors_info=&#8220;{}&#8220;][et_pb_text _builder_version=&#8220;4.16&#8243; _module_preset=&#8220;default&#8220; link_font=&#8220;Poppins||||||||&#8220; link_text_color=&#8220;#232323&#8243; ul_font=&#8220;Poppins||||||||&#8220; custom_margin=&#8220;|||-20px|false|false&#8220; link_option_url=&#8220;https:\/\/www.yachtrevue.at\/yachten\/news-segelyachten\/eyoty-segelyachten-europas-11314290&#8243; link_option_url_new_window=&#8220;on&#8220; global_colors_info=&#8220;{}&#8220;]<\/p>\n<p><a href=\"https:\/\/www.yachtrevue.at\/yachten\/news-segelyachten\/eyoty-segelyachten-europas-11314290\" target=\"_blank\" rel=\"noopener\">Yacht Revue Jan 2020<\/a><\/p>\n<p>[\/et_pb_text][\/et_pb_column][\/et_pb_row][et_pb_row column_structure=&#8220;1_6,1_6,1_6,1_6,1_6,1_6&#8243; _builder_version=&#8220;4.16&#8243; _module_preset=&#8220;default&#8220; custom_margin=&#8220;0px||||false|false&#8220; custom_padding=&#8220;20px|10px|0px|10px|false|true&#8220; global_colors_info=&#8220;{}&#8220;][et_pb_column type=&#8220;1_6&#8243; _builder_version=&#8220;4.16&#8243; _module_preset=&#8220;default&#8220; global_colors_info=&#8220;{}&#8220;][et_pb_image src=&#8220;https:\/\/www.portginesta.com\/wp-content\/uploads\/2022\/01\/Skipper.jpeg&#8220; title_text=&#8220;Skipper&#8220; url_new_window=&#8220;on&#8220; _builder_version=&#8220;4.16&#8243; _module_preset=&#8220;default&#8220; custom_padding=&#8220;|||3em|false|false&#8220; global_colors_info=&#8220;{}&#8220;][\/et_pb_image][\/et_pb_column][et_pb_column type=&#8220;1_6&#8243; _builder_version=&#8220;4.16&#8243; _module_preset=&#8220;default&#8220; global_colors_info=&#8220;{}&#8220;][et_pb_text _builder_version=&#8220;4.16&#8243; _module_preset=&#8220;default&#8220; link_font=&#8220;Poppins||||||||&#8220; link_text_color=&#8220;#232323&#8243; ul_font=&#8220;Poppins||||||||&#8220; custom_margin=&#8220;|||-20px|false|false&#8220; link_option_url=&#8220;https:\/\/www.portginesta.com\/wp-content\/uploads\/2022\/01\/Skipper.pdf&#8220; link_option_url_new_window=&#8220;on&#8220; global_colors_info=&#8220;{}&#8220;]<\/p>\n<p><a href=\"http:\/\/www.calameo.com\/read\/005318153e0fce47e7a42\" target=\"_blank\" rel=\"noopener\">Les Costes Auflage 3<\/a><\/p>\n<p>[\/et_pb_text][\/et_pb_column][et_pb_column type=&#8220;1_6&#8243; _builder_version=&#8220;4.16&#8243; _module_preset=&#8220;default&#8220; global_colors_info=&#8220;{}&#8220;][et_pb_image src=&#8220;https:\/\/www.portginesta.com\/wp-content\/uploads\/2022\/01\/NY.jpeg&#8220; title_text=&#8220;N&#038;Y&#8220; url_new_window=&#8220;on&#8220; _builder_version=&#8220;4.16&#8243; _module_preset=&#8220;default&#8220; custom_padding=&#8220;|||3em|false|false&#8220; global_colors_info=&#8220;{}&#8220;][\/et_pb_image][\/et_pb_column][et_pb_column type=&#8220;1_6&#8243; _builder_version=&#8220;4.16&#8243; _module_preset=&#8220;default&#8220; global_colors_info=&#8220;{}&#8220;][et_pb_text _builder_version=&#8220;4.16&#8243; _module_preset=&#8220;default&#8220; link_font=&#8220;Poppins||||||||&#8220; link_text_color=&#8220;#232323&#8243; ul_font=&#8220;Poppins||||||||&#8220; custom_margin=&#8220;|||-20px|false|false&#8220; link_option_url=&#8220;https:\/\/www.portginesta.com\/wp-content\/uploads\/2022\/01\/NY.pdf&#8220; link_option_url_new_window=&#8220;on&#8220; global_colors_info=&#8220;{}&#8220;]<\/p>\n<p><a href=\"https:\/\/www.portginesta.com\/pdf\/Mares.pdf\" target=\"_blank\" rel=\"noopener\">Mares<br \/>Oktober 2020<\/a><\/p>\n<p>[\/et_pb_text][\/et_pb_column][et_pb_column type=&#8220;1_6&#8243; _builder_version=&#8220;4.16&#8243; _module_preset=&#8220;default&#8220; global_colors_info=&#8220;{}&#8220;][et_pb_image src=&#8220;https:\/\/www.portginesta.com\/wp-content\/uploads\/2022\/01\/YachtOnline-20.jpeg&#8220; title_text=&#8220;YachtOnline-20&#8243; url=&#8220;https:\/\/www.yacht.de\/heft\/preisgekroent&#8211;das-sind-europas-yachten-des-jahres-2020&#8243; url_new_window=&#8220;on&#8220; _builder_version=&#8220;4.16&#8243; _module_preset=&#8220;default&#8220; custom_padding=&#8220;|||3em|false|false&#8220; global_colors_info=&#8220;{}&#8220;][\/et_pb_image][\/et_pb_column][et_pb_column type=&#8220;1_6&#8243; _builder_version=&#8220;4.16&#8243; _module_preset=&#8220;default&#8220; global_colors_info=&#8220;{}&#8220;][et_pb_text _builder_version=&#8220;4.16&#8243; _module_preset=&#8220;default&#8220; link_font=&#8220;Poppins||||||||&#8220; link_text_color=&#8220;#232323&#8243; ul_font=&#8220;Poppins||||||||&#8220; custom_margin=&#8220;|||-20px|false|false&#8220; link_option_url=&#8220;https:\/\/www.yacht.de\/heft\/preisgekroent&#8211;das-sind-europas-yachten-des-jahres-2020&#8243; link_option_url_new_window=&#8220;on&#8220; global_colors_info=&#8220;{}&#8220;]<\/p>\n<p><a href=\"https:\/\/www.yacht.de\/magazin\/heft_info\/preisgekroent--das-sind-europas-yachten-des-jahres-2020\/a123752.html\" target=\"_blank\" rel=\"noopener\">Yacht Online Jan 2020<\/a><\/p>\n<p>[\/et_pb_text][\/et_pb_column][\/et_pb_row][et_pb_row column_structure=&#8220;1_6,1_6,1_6,1_6,1_6,1_6&#8243; _builder_version=&#8220;4.16&#8243; _module_preset=&#8220;default&#8220; custom_margin=&#8220;0px||||false|false&#8220; custom_padding=&#8220;20px|10px|0px|10px|false|true&#8220; global_colors_info=&#8220;{}&#8220;][et_pb_column type=&#8220;1_6&#8243; _builder_version=&#8220;4.16&#8243; _module_preset=&#8220;default&#8220; global_colors_info=&#8220;{}&#8220;][et_pb_image src=&#8220;https:\/\/www.portginesta.com\/wp-content\/uploads\/2022\/01\/Zeilen-20.jpeg&#8220; title_text=&#8220;Zeilen-20&#8243; url=&#8220;https:\/\/www.zeilen.nl\/actueel\/dit-zijn-de-winnaars-van-de-european-yacht-of-the-year-2020\/&#8220; url_new_window=&#8220;on&#8220; _builder_version=&#8220;4.16&#8243; _module_preset=&#8220;default&#8220; custom_padding=&#8220;|||3em|false|false&#8220; global_colors_info=&#8220;{}&#8220;][\/et_pb_image][\/et_pb_column][et_pb_column type=&#8220;1_6&#8243; _builder_version=&#8220;4.16&#8243; _module_preset=&#8220;default&#8220; global_colors_info=&#8220;{}&#8220;][et_pb_text _builder_version=&#8220;4.16&#8243; _module_preset=&#8220;default&#8220; link_font=&#8220;Poppins||||||||&#8220; link_text_color=&#8220;#232323&#8243; ul_font=&#8220;Poppins||||||||&#8220; custom_margin=&#8220;|||-20px|false|false&#8220; link_option_url=&#8220;https:\/\/www.zeilen.nl\/actueel\/dit-zijn-de-winnaars-van-de-european-yacht-of-the-year-2020\/&#8220; link_option_url_new_window=&#8220;on&#8220; global_colors_info=&#8220;{}&#8220;]<\/p>\n<p><a href=\"https:\/\/www.zeilen.nl\/nieuws\/actueel\/dit-zijn-de-winnaars-van-de-european-yacht-of-the-year-2020\/\" target=\"_blank\" rel=\"noopener\">Zeilen<br \/>2020<\/a><\/p>\n<p>[\/et_pb_text][\/et_pb_column][et_pb_column type=&#8220;1_6&#8243; _builder_version=&#8220;4.16&#8243; _module_preset=&#8220;default&#8220; global_colors_info=&#8220;{}&#8220;][et_pb_image src=&#8220;https:\/\/www.portginesta.com\/wp-content\/uploads\/2022\/01\/YachtingWorld-20.jpeg&#8220; title_text=&#8220;YachtingWorld-20&#8243; url=&#8220;https:\/\/www.yachtingworld.com\/yachts-and-gear\/the-yachts-of-the-year-2020-124706&#8243; url_new_window=&#8220;on&#8220; _builder_version=&#8220;4.16&#8243; _module_preset=&#8220;default&#8220; custom_padding=&#8220;|||3em|false|false&#8220; global_colors_info=&#8220;{}&#8220;][\/et_pb_image][\/et_pb_column][et_pb_column type=&#8220;1_6&#8243; _builder_version=&#8220;4.16&#8243; _module_preset=&#8220;default&#8220; global_colors_info=&#8220;{}&#8220;][et_pb_text _builder_version=&#8220;4.16&#8243; _module_preset=&#8220;default&#8220; link_font=&#8220;Poppins||||||||&#8220; link_text_color=&#8220;#232323&#8243; ul_font=&#8220;Poppins||||||||&#8220; custom_margin=&#8220;|||-20px|false|false&#8220; link_option_url=&#8220;https:\/\/www.yachtingworld.com\/yachts-and-gear\/the-yachts-of-the-year-2020-124706&#8243; link_option_url_new_window=&#8220;on&#8220; global_colors_info=&#8220;{}&#8220;]<\/p>\n<p><a href=\"https:\/\/www.yachtingworld.com\/yachts-and-gear\/the-yachts-of-the-year-2020-124706\" target=\"_blank\" rel=\"noopener\">Yachting World Jan 2020<\/a><\/p>\n<p>[\/et_pb_text][\/et_pb_column][et_pb_column type=&#8220;1_6&#8243; _builder_version=&#8220;4.16&#8243; _module_preset=&#8220;default&#8220; global_colors_info=&#8220;{}&#8220;][et_pb_image src=&#8220;https:\/\/www.portginesta.com\/wp-content\/uploads\/2022\/01\/YachtOnline-19.jpeg&#8220; title_text=&#8220;YachtOnline-19&#8243; url=&#8220;https:\/\/www.yacht.de\/heft\/preisgekroent&#8211;das-sind-europas-yachten-des-jahres-2020&#8243; url_new_window=&#8220;on&#8220; _builder_version=&#8220;4.16&#8243; _module_preset=&#8220;default&#8220; custom_padding=&#8220;|||3em|false|false&#8220; global_colors_info=&#8220;{}&#8220;][\/et_pb_image][\/et_pb_column][et_pb_column type=&#8220;1_6&#8243; _builder_version=&#8220;4.16&#8243; _module_preset=&#8220;default&#8220; global_colors_info=&#8220;{}&#8220;][et_pb_text _builder_version=&#8220;4.16&#8243; _module_preset=&#8220;default&#8220; link_font=&#8220;Poppins||||||||&#8220; link_text_color=&#8220;#232323&#8243; ul_font=&#8220;Poppins||||||||&#8220; custom_margin=&#8220;|||-20px|false|false&#8220; link_option_url=&#8220;https:\/\/www.yacht.de\/yachten_jollen\/neue_boote\/diese-yachten-sind-fuer-die-bootsbau-oscars-nominiert&#8220; link_option_url_new_window=&#8220;on&#8220; global_colors_info=&#8220;{}&#8220;]<\/p>\n<p><a href=\"https:\/\/www.yacht.de\/yachten_jollen\/neue_boote\/diese-yachten-sind-fuer-die-bootsbau-oscars-nominiert\/a122340.html\" target=\"_blank\" rel=\"noopener\">Yacht Online Sept 2019<\/a><\/p>\n<p>[\/et_pb_text][\/et_pb_column][\/et_pb_row][et_pb_row column_structure=&#8220;1_6,1_6,1_6,1_6,1_6,1_6&#8243; _builder_version=&#8220;4.16&#8243; _module_preset=&#8220;default&#8220; custom_margin=&#8220;0px||||false|false&#8220; custom_padding=&#8220;20px|10px|0px|10px|false|true&#8220; global_colors_info=&#8220;{}&#8220;][et_pb_column type=&#8220;1_6&#8243; _builder_version=&#8220;4.16&#8243; _module_preset=&#8220;default&#8220; global_colors_info=&#8220;{}&#8220;][et_pb_image src=&#8220;https:\/\/www.portginesta.com\/wp-content\/uploads\/2022\/01\/Multicoques206.jpeg&#8220; title_text=&#8220;Multicoques206&#8243; url=&#8220;https:\/\/www.portginesta.com\/wp-content\/uploads\/2022\/01\/Multicoques206.pdf&#8220; url_new_window=&#8220;on&#8220; _builder_version=&#8220;4.16&#8243; _module_preset=&#8220;default&#8220; custom_padding=&#8220;|||3em|false|false&#8220; global_colors_info=&#8220;{}&#8220;][\/et_pb_image][\/et_pb_column][et_pb_column type=&#8220;1_6&#8243; _builder_version=&#8220;4.16&#8243; _module_preset=&#8220;default&#8220; global_colors_info=&#8220;{}&#8220;][et_pb_text _builder_version=&#8220;4.16&#8243; _module_preset=&#8220;default&#8220; link_font=&#8220;Poppins||||||||&#8220; link_text_color=&#8220;#232323&#8243; ul_font=&#8220;Poppins||||||||&#8220; custom_margin=&#8220;|||-20px|false|false&#8220; link_option_url=&#8220;https:\/\/www.portginesta.com\/wp-content\/uploads\/2022\/01\/Multicoques206.pdf&#8220; link_option_url_new_window=&#8220;on&#8220; global_colors_info=&#8220;{}&#8220;]<\/p>\n<p><a href=\"https:\/\/www.portginesta.com\/pdf\/Multicoques206.pdf\" target=\"_blank\" rel=\"noopener\">Multicoques<br \/>April 2021<\/a><\/p>\n<p>[\/et_pb_text][\/et_pb_column][et_pb_column type=&#8220;1_6&#8243; _builder_version=&#8220;4.16&#8243; _module_preset=&#8220;default&#8220; global_colors_info=&#8220;{}&#8220;][et_pb_image src=&#8220;https:\/\/www.portginesta.com\/wp-content\/uploads\/2022\/01\/Mares421.jpeg&#8220; title_text=&#8220;Mares421&#8243; url=&#8220;https:\/\/www.portginesta.com\/wp-content\/uploads\/2022\/01\/Mares421.pdf&#8220; url_new_window=&#8220;on&#8220; _builder_version=&#8220;4.16&#8243; _module_preset=&#8220;default&#8220; custom_padding=&#8220;|||3em|false|false&#8220; global_colors_info=&#8220;{}&#8220;][\/et_pb_image][\/et_pb_column][et_pb_column type=&#8220;1_6&#8243; _builder_version=&#8220;4.16&#8243; _module_preset=&#8220;default&#8220; global_colors_info=&#8220;{}&#8220;][et_pb_text _builder_version=&#8220;4.16&#8243; _module_preset=&#8220;default&#8220; link_font=&#8220;Poppins||||||||&#8220; link_text_color=&#8220;#232323&#8243; ul_font=&#8220;Poppins||||||||&#8220; custom_margin=&#8220;|||-20px|false|false&#8220; link_option_url=&#8220;https:\/\/www.portginesta.com\/wp-content\/uploads\/2022\/01\/Mares421.pdf&#8220; link_option_url_new_window=&#8220;on&#8220; global_colors_info=&#8220;{}&#8220;]<\/p>\n<p><a href=\"https:\/\/www.portginesta.com\/pdf\/Mares421.pdf\" target=\"_blank\" rel=\"noopener\">Mares<br \/>April 2021<\/a><\/p>\n<p>[\/et_pb_text][\/et_pb_column][et_pb_column type=&#8220;1_6&#8243; _builder_version=&#8220;4.16&#8243; _module_preset=&#8220;default&#8220; global_colors_info=&#8220;{}&#8220;][et_pb_image src=&#8220;https:\/\/www.portginesta.com\/wp-content\/uploads\/2022\/11\/1-portada-barche.png&#8220; title_text=&#8220;1-portada-barche&#8220; url=&#8220;https:\/\/issuu.com\/internationalseapresssrl-barche\/docs\/barche_aprile_2022&#8243; url_new_window=&#8220;on&#8220; _builder_version=&#8220;4.19.0&#8243; _module_preset=&#8220;default&#8220; custom_padding=&#8220;|||3em|false|false&#8220; locked=&#8220;off&#8220; global_colors_info=&#8220;{}&#8220;][\/et_pb_image][\/et_pb_column][et_pb_column type=&#8220;1_6&#8243; _builder_version=&#8220;4.16&#8243; _module_preset=&#8220;default&#8220; global_colors_info=&#8220;{}&#8220;][et_pb_text _builder_version=&#8220;4.19.0&#8243; _module_preset=&#8220;default&#8220; link_font=&#8220;Poppins||||||||&#8220; link_text_color=&#8220;#232323&#8243; ul_font=&#8220;Poppins||||||||&#8220; custom_margin=&#8220;|||-20px|false|false&#8220; link_option_url=&#8220;https:\/\/www.portginesta.com\/wp-content\/uploads\/2022\/01\/Mares421.pdf&#8220; link_option_url_new_window=&#8220;on&#8220; locked=&#8220;off&#8220; global_colors_info=&#8220;{}&#8220;]<\/p>\n<p><a href=\"https:\/\/issuu.com\/internationalseapresssrl-barche\/docs\/barche_aprile_2022\" target=\"_blank\" rel=\"noopener\">Barches <br \/><\/a><\/p>\n<p>[\/et_pb_text][\/et_pb_column][\/et_pb_row][et_pb_row column_structure=&#8220;1_6,1_6,1_6,1_6,1_6,1_6&#8243; _builder_version=&#8220;4.16&#8243; _module_preset=&#8220;default&#8220; custom_margin=&#8220;0px||||false|false&#8220; custom_padding=&#8220;20px|10px|0px|10px|false|true&#8220; global_colors_info=&#8220;{}&#8220;][et_pb_column type=&#8220;1_6&#8243; _builder_version=&#8220;4.16&#8243; _module_preset=&#8220;default&#8220; global_colors_info=&#8220;{}&#8220;][et_pb_image src=&#8220;https:\/\/www.portginesta.com\/wp-content\/uploads\/2022\/11\/2-portada-multihull-rally-and-race.png&#8220; title_text=&#8220;2-portada-multihull-rally-and-race&#8220; url=&#8220;https:\/\/multihullfriendlymarinas.com\/cronica-primera-edicion-multihull-rally-race\/&#8220; url_new_window=&#8220;on&#8220; _builder_version=&#8220;4.19.0&#8243; _module_preset=&#8220;default&#8220; custom_padding=&#8220;|||3em|false|false&#8220; global_colors_info=&#8220;{}&#8220;][\/et_pb_image][\/et_pb_column][et_pb_column type=&#8220;1_6&#8243; _builder_version=&#8220;4.16&#8243; _module_preset=&#8220;default&#8220; global_colors_info=&#8220;{}&#8220;][et_pb_text _builder_version=&#8220;4.19.0&#8243; _module_preset=&#8220;default&#8220; link_font=&#8220;Poppins||||||||&#8220; link_text_color=&#8220;#232323&#8243; ul_font=&#8220;Poppins||||||||&#8220; custom_margin=&#8220;|||-20px|false|false&#8220; link_option_url=&#8220;https:\/\/www.portginesta.com\/wp-content\/uploads\/2022\/01\/Multicoques206.pdf&#8220; link_option_url_new_window=&#8220;on&#8220; global_colors_info=&#8220;{}&#8220;]<\/p>\n<p><a href=\"https:\/\/multihullfriendlymarinas.com\/cronica-primera-edicion-multihull-rally-race\/\" target=\"_blank\" rel=\"noopener\">Multifull Friendly Marinas<\/a><br \/>22. Oktober<\/p>\n<p>[\/et_pb_text][\/et_pb_column][et_pb_column type=&#8220;1_6&#8243; _builder_version=&#8220;4.16&#8243; _module_preset=&#8220;default&#8220; global_colors_info=&#8220;{}&#8220;][et_pb_image src=&#8220;https:\/\/www.portginesta.com\/wp-content\/uploads\/2022\/11\/3-portada-n-and-y.png&#8220; title_text=&#8220;3-portada-n-and-y&#8220; url=&#8220;https:\/\/nauticayyates.com\/multihull-rally-race-exitoso-inicio-de-una-innovadora-propuesta\/&#8220; url_new_window=&#8220;on&#8220; _builder_version=&#8220;4.19.0&#8243; _module_preset=&#8220;default&#8220; custom_padding=&#8220;|||3em|false|false&#8220; global_colors_info=&#8220;{}&#8220;][\/et_pb_image][\/et_pb_column][et_pb_column type=&#8220;1_6&#8243; _builder_version=&#8220;4.16&#8243; _module_preset=&#8220;default&#8220; global_colors_info=&#8220;{}&#8220;][et_pb_text _builder_version=&#8220;4.19.0&#8243; _module_preset=&#8220;default&#8220; link_font=&#8220;Poppins||||||||&#8220; link_text_color=&#8220;#232323&#8243; ul_font=&#8220;Poppins||||||||&#8220; custom_margin=&#8220;|||-20px|false|false&#8220; link_option_url=&#8220;https:\/\/www.portginesta.com\/wp-content\/uploads\/2022\/01\/Mares421.pdf&#8220; link_option_url_new_window=&#8220;on&#8220; global_colors_info=&#8220;{}&#8220;]<\/p>\n<p><a href=\"https:\/\/nauticayyates.com\/multihull-rally-race-exitoso-inicio-de-una-innovadora-propuesta\/\" target=\"_blank\" rel=\"noopener\">N\u00e1utica &amp; Yates<\/a><br \/>22. Oktober<\/p>\n<p>[\/et_pb_text][\/et_pb_column][et_pb_column type=&#8220;1_6&#8243; _builder_version=&#8220;4.16&#8243; _module_preset=&#8220;default&#8220; global_colors_info=&#8220;{}&#8220;][et_pb_image src=&#8220;https:\/\/www.portginesta.com\/wp-content\/uploads\/2022\/11\/4-portada-el-punt-avui.png&#8220; title_text=&#8220;4-portada-el-punt-avui&#8220; url=&#8220;http:\/\/www.elpuntavui.cat\/societat\/article\/11-mediambient\/2211745-el-litoral-metropolita-mes-amenacat.html&#8220; url_new_window=&#8220;on&#8220; _builder_version=&#8220;4.19.0&#8243; _module_preset=&#8220;default&#8220; custom_padding=&#8220;|||3em|false|false&#8220; locked=&#8220;off&#8220; global_colors_info=&#8220;{}&#8220;][\/et_pb_image][\/et_pb_column][et_pb_column type=&#8220;1_6&#8243; _builder_version=&#8220;4.16&#8243; _module_preset=&#8220;default&#8220; global_colors_info=&#8220;{}&#8220;][et_pb_text _builder_version=&#8220;4.19.0&#8243; _module_preset=&#8220;default&#8220; link_font=&#8220;Poppins||||||||&#8220; link_text_color=&#8220;#232323&#8243; ul_font=&#8220;Poppins||||||||&#8220; custom_margin=&#8220;|||-20px|false|false&#8220; link_option_url=&#8220;https:\/\/www.portginesta.com\/wp-content\/uploads\/2022\/01\/Mares421.pdf&#8220; link_option_url_new_window=&#8220;on&#8220; locked=&#8220;off&#8220; global_colors_info=&#8220;{}&#8220;]<\/p>\n<p><a href=\"http:\/\/www.elpuntavui.cat\/societat\/article\/11-mediambient\/2211745-el-litoral-metropolita-mes-amenacat.html\" target=\"_blank\" rel=\"noopener\">El Punt Avui<\/a><br \/>22. Oktober<\/p>\n<p>[\/et_pb_text][\/et_pb_column][\/et_pb_row][et_pb_row column_structure=&#8220;1_6,1_6,1_6,1_6,1_6,1_6&#8243; _builder_version=&#8220;4.16&#8243; _module_preset=&#8220;default&#8220; custom_margin=&#8220;0px||||false|false&#8220; custom_padding=&#8220;20px|10px|0px|10px|false|true&#8220; global_colors_info=&#8220;{}&#8220;][et_pb_column type=&#8220;1_6&#8243; _builder_version=&#8220;4.16&#8243; _module_preset=&#8220;default&#8220; global_colors_info=&#8220;{}&#8220;][et_pb_image src=&#8220;https:\/\/www.portginesta.com\/wp-content\/uploads\/2022\/11\/5-portada-el-llobregat.png&#8220; title_text=&#8220;5-portada-el-llobregat&#8220; url=&#8220;https:\/\/www.elllobregat.com\/noticia\/23736\/castelldefels\/la-regresion-amenaza-con-devorar-20-metros-de-playa-en-solo-tres-decadas.html%20%20&#8243; url_new_window=&#8220;on&#8220; _builder_version=&#8220;4.19.0&#8243; _module_preset=&#8220;default&#8220; custom_padding=&#8220;|||3em|false|false&#8220; global_colors_info=&#8220;{}&#8220;][\/et_pb_image][\/et_pb_column][et_pb_column type=&#8220;1_6&#8243; _builder_version=&#8220;4.16&#8243; _module_preset=&#8220;default&#8220; global_colors_info=&#8220;{}&#8220;][et_pb_text _builder_version=&#8220;4.19.0&#8243; _module_preset=&#8220;default&#8220; link_font=&#8220;Poppins||||||||&#8220; link_text_color=&#8220;#232323&#8243; ul_font=&#8220;Poppins||||||||&#8220; custom_margin=&#8220;|||-20px|false|false&#8220; link_option_url=&#8220;https:\/\/www.portginesta.com\/wp-content\/uploads\/2022\/01\/Multicoques206.pdf&#8220; link_option_url_new_window=&#8220;on&#8220; global_colors_info=&#8220;{}&#8220;]<\/p>\n<p><a href=\"https:\/\/www.elllobregat.com\/noticia\/23736\/castelldefels\/la-regresion-amenaza-con-devorar-20-metros-de-playa-en-solo-tres-decadas.html\" target=\"_blank\" rel=\"noopener\">El Llobregat<br \/>22. Oktober<\/a><\/p>\n<p>[\/et_pb_text][\/et_pb_column][et_pb_column type=&#8220;1_6&#8243; _builder_version=&#8220;4.16&#8243; _module_preset=&#8220;default&#8220; global_colors_info=&#8220;{}&#8220;][et_pb_image src=&#8220;https:\/\/www.portginesta.com\/wp-content\/uploads\/2022\/11\/6-portada-mes-economia.png&#8220; title_text=&#8220;6-portada-mes-economia&#8220; url=&#8220;https:\/\/www.meseconomia.cat\/nou-crit-dalerta-de-lamb-per-frenar-la-regressio-de-les-platges-si-no-actuem-retrocediran-20-metres-en-30-anys\/&#8220; url_new_window=&#8220;on&#8220; _builder_version=&#8220;4.19.0&#8243; _module_preset=&#8220;default&#8220; custom_padding=&#8220;|||3em|false|false&#8220; global_colors_info=&#8220;{}&#8220;][\/et_pb_image][\/et_pb_column][et_pb_column type=&#8220;1_6&#8243; _builder_version=&#8220;4.16&#8243; _module_preset=&#8220;default&#8220; global_colors_info=&#8220;{}&#8220;][et_pb_text _builder_version=&#8220;4.19.0&#8243; _module_preset=&#8220;default&#8220; link_font=&#8220;Poppins||||||||&#8220; link_text_color=&#8220;#232323&#8243; ul_font=&#8220;Poppins||||||||&#8220; custom_margin=&#8220;|||-20px|false|false&#8220; link_option_url=&#8220;https:\/\/www.portginesta.com\/wp-content\/uploads\/2022\/01\/Mares421.pdf&#8220; link_option_url_new_window=&#8220;on&#8220; global_colors_info=&#8220;{}&#8220;]<\/p>\n<p><a href=\"https:\/\/www.meseconomia.cat\/nou-crit-dalerta-de-lamb-per-frenar-la-regressio-de-les-platges-si-no-actuem-retrocediran-20-metres-en-30-anys\/\" target=\"_blank\" rel=\"noopener\">M\u00e9s Economia<\/a><br \/>22. Nov<\/p>\n<p>[\/et_pb_text][\/et_pb_column][et_pb_column type=&#8220;1_6&#8243; _builder_version=&#8220;4.16&#8243; _module_preset=&#8220;default&#8220; global_colors_info=&#8220;{}&#8220;][et_pb_image src=&#8220;https:\/\/www.portginesta.com\/wp-content\/uploads\/2022\/11\/7-portada-cmd-esport.png&#8220; title_text=&#8220;7-portada-cmd-esport&#8220; url=&#8220;https:\/\/www.cmdsport.com\/fitness\/actualidad-fitness\/fitness-mantiene-ritmo-aperturas-nuevos-gimnasios-ano-apunta-record\/&#8220; url_new_window=&#8220;on&#8220; _builder_version=&#8220;4.19.0&#8243; _module_preset=&#8220;default&#8220; custom_padding=&#8220;|||3em|false|false&#8220; locked=&#8220;off&#8220; global_colors_info=&#8220;{}&#8220;][\/et_pb_image][\/et_pb_column][et_pb_column type=&#8220;1_6&#8243; _builder_version=&#8220;4.16&#8243; _module_preset=&#8220;default&#8220; global_colors_info=&#8220;{}&#8220;][et_pb_text _builder_version=&#8220;4.19.0&#8243; _module_preset=&#8220;default&#8220; link_font=&#8220;Poppins||||||||&#8220; link_text_color=&#8220;#232323&#8243; ul_font=&#8220;Poppins||||||||&#8220; custom_margin=&#8220;|||-20px|false|false&#8220; link_option_url=&#8220;https:\/\/www.portginesta.com\/wp-content\/uploads\/2022\/01\/Mares421.pdf&#8220; link_option_url_new_window=&#8220;on&#8220; locked=&#8220;off&#8220; global_colors_info=&#8220;{}&#8220;]<\/p>\n<p><a href=\"https:\/\/www.cmdsport.com\/fitness\/actualidad-fitness\/fitness-mantiene-ritmo-aperturas-nuevos-gimnasios-ano-apunta-record\/\" target=\"_blank\" rel=\"noopener\">CMD Sport<\/a><br \/>22. Nov<\/p>\n<p>[\/et_pb_text][\/et_pb_column][\/et_pb_row][et_pb_row column_structure=&#8220;1_6,1_6,1_6,1_6,1_6,1_6&#8243; _builder_version=&#8220;4.16&#8243; _module_preset=&#8220;default&#8220; custom_margin=&#8220;0px||||false|false&#8220; custom_padding=&#8220;20px|10px|0px|10px|false|true&#8220; global_colors_info=&#8220;{}&#8220;][et_pb_column type=&#8220;1_6&#8243; _builder_version=&#8220;4.16&#8243; _module_preset=&#8220;default&#8220; global_colors_info=&#8220;{}&#8220;][et_pb_image src=&#8220;https:\/\/www.portginesta.com\/wp-content\/uploads\/2022\/11\/8-portada-vela-a-motore.png&#8220; title_text=&#8220;8-portada-vela-a-motore&#8220; url=&#8220;https:\/\/www.velaemotore.it\/i-press-days-con-le-prove-in-mare-del-gruppo-beneteau-a-port-ginesta-le-novita-20762&#8243; url_new_window=&#8220;on&#8220; _builder_version=&#8220;4.19.0&#8243; _module_preset=&#8220;default&#8220; custom_padding=&#8220;|||3em|false|false&#8220; global_colors_info=&#8220;{}&#8220;][\/et_pb_image][\/et_pb_column][et_pb_column type=&#8220;1_6&#8243; _builder_version=&#8220;4.16&#8243; _module_preset=&#8220;default&#8220; global_colors_info=&#8220;{}&#8220;][et_pb_text _builder_version=&#8220;4.19.0&#8243; _module_preset=&#8220;default&#8220; link_font=&#8220;Poppins||||||||&#8220; link_text_color=&#8220;#232323&#8243; ul_font=&#8220;Poppins||||||||&#8220; custom_margin=&#8220;|||-20px|false|false&#8220; link_option_url=&#8220;https:\/\/www.portginesta.com\/wp-content\/uploads\/2022\/01\/Multicoques206.pdf&#8220; link_option_url_new_window=&#8220;on&#8220; global_colors_info=&#8220;{}&#8220;]<\/p>\n<p><a href=\"https:\/\/www.velaemotore.it\/i-press-days-con-le-prove-in-mare-del-gruppo-beneteau-a-port-ginesta-le-novita-20762\" target=\"_blank\" rel=\"noopener\">Vela e Motore<\/a><br \/>22. Okt<\/p>\n<p>[\/et_pb_text][\/et_pb_column][et_pb_column type=&#8220;1_6&#8243; _builder_version=&#8220;4.16&#8243; _module_preset=&#8220;default&#8220; global_colors_info=&#8220;{}&#8220;][et_pb_image src=&#8220;https:\/\/www.portginesta.com\/wp-content\/uploads\/2022\/11\/9-portada-yacht.png&#8220; title_text=&#8220;9-portada-yacht&#8220; url=&#8220;https:\/\/www.yacht.de\/yachten\/fahrtenyachten\/katamaran-lagoon-51-viel-platz-noch-mehr-komfort-und-gute-segeleigenschaften\/&#8220; url_new_window=&#8220;on&#8220; _builder_version=&#8220;4.19.0&#8243; _module_preset=&#8220;default&#8220; custom_padding=&#8220;|||3em|false|false&#8220; global_colors_info=&#8220;{}&#8220;][\/et_pb_image][\/et_pb_column][et_pb_column type=&#8220;1_6&#8243; _builder_version=&#8220;4.16&#8243; _module_preset=&#8220;default&#8220; global_colors_info=&#8220;{}&#8220;][et_pb_text _builder_version=&#8220;4.19.0&#8243; _module_preset=&#8220;default&#8220; link_font=&#8220;Poppins||||||||&#8220; link_text_color=&#8220;#232323&#8243; ul_font=&#8220;Poppins||||||||&#8220; custom_margin=&#8220;|||-20px|false|false&#8220; link_option_url=&#8220;https:\/\/www.portginesta.com\/wp-content\/uploads\/2022\/01\/Mares421.pdf&#8220; link_option_url_new_window=&#8220;on&#8220; global_colors_info=&#8220;{}&#8220;]<\/p>\n<p><a href=\"https:\/\/www.portginesta.com\/pdf\/Mares421.pdf\" target=\"_blank\" rel=\"noopener\">Yacht<\/a><br \/>22. Nov<\/p>\n<p>[\/et_pb_text][\/et_pb_column][et_pb_column type=&#8220;1_6&#8243; _builder_version=&#8220;4.16&#8243; _module_preset=&#8220;default&#8220; global_colors_info=&#8220;{}&#8220;][et_pb_image src=&#8220;https:\/\/www.portginesta.com\/wp-content\/uploads\/2022\/11\/10-portada-naucher.png&#8220; title_text=&#8220;10-portada-naucher&#8220; url=&#8220;https:\/\/www.naucher.com\/port-ginesta-acoge-el-european-yacht-of-the-year-por-quinto-ano-consecutivo\/&#8220; url_new_window=&#8220;on&#8220; _builder_version=&#8220;4.19.0&#8243; _module_preset=&#8220;default&#8220; custom_padding=&#8220;|||3em|false|false&#8220; locked=&#8220;off&#8220; global_colors_info=&#8220;{}&#8220;][\/et_pb_image][\/et_pb_column][et_pb_column type=&#8220;1_6&#8243; _builder_version=&#8220;4.16&#8243; _module_preset=&#8220;default&#8220; global_colors_info=&#8220;{}&#8220;][et_pb_text _builder_version=&#8220;4.19.0&#8243; _module_preset=&#8220;default&#8220; link_font=&#8220;Poppins||||||||&#8220; link_text_color=&#8220;#232323&#8243; ul_font=&#8220;Poppins||||||||&#8220; custom_margin=&#8220;|||-20px|false|false&#8220; link_option_url=&#8220;https:\/\/www.portginesta.com\/wp-content\/uploads\/2022\/01\/Mares421.pdf&#8220; link_option_url_new_window=&#8220;on&#8220; locked=&#8220;off&#8220; global_colors_info=&#8220;{}&#8220;]<\/p>\n<p><a href=\"https:\/\/www.naucher.com\/port-ginesta-acoge-el-european-yacht-of-the-year-por-quinto-ano-consecutivo\/\" target=\"_blank\" rel=\"noopener\">Naucher<\/a><br \/>22. Nov<\/p>\n<p>[\/et_pb_text][\/et_pb_column][\/et_pb_row][et_pb_row column_structure=&#8220;1_6,1_6,1_6,1_6,1_6,1_6&#8243; _builder_version=&#8220;4.16&#8243; _module_preset=&#8220;default&#8220; custom_margin=&#8220;0px||||false|false&#8220; custom_padding=&#8220;20px|10px|0px|10px|false|true&#8220; global_colors_info=&#8220;{}&#8220;][et_pb_column type=&#8220;1_6&#8243; _builder_version=&#8220;4.16&#8243; _module_preset=&#8220;default&#8220; global_colors_info=&#8220;{}&#8220;][et_pb_image src=&#8220;https:\/\/www.portginesta.com\/wp-content\/uploads\/2022\/11\/11-portada-anales-sectoriales.png&#8220; title_text=&#8220;11-portada-anales-sectoriales&#8220; url=&#8220;https:\/\/www.interempresas.net\/Nautica\/Articulos\/409664-Port-Ginesta-acoge-el-European-Yacht-of-the-Year-(EYOTY)-por-quinto-ano-consecutivo.html&#8220; url_new_window=&#8220;on&#8220; _builder_version=&#8220;4.19.0&#8243; _module_preset=&#8220;default&#8220; custom_padding=&#8220;|||3em|false|false&#8220; global_colors_info=&#8220;{}&#8220;][\/et_pb_image][\/et_pb_column][et_pb_column type=&#8220;1_6&#8243; _builder_version=&#8220;4.16&#8243; _module_preset=&#8220;default&#8220; global_colors_info=&#8220;{}&#8220;][et_pb_text _builder_version=&#8220;4.19.0&#8243; _module_preset=&#8220;default&#8220; link_font=&#8220;Poppins||||||||&#8220; link_text_color=&#8220;#232323&#8243; ul_font=&#8220;Poppins||||||||&#8220; custom_margin=&#8220;|||-20px|false|false&#8220; link_option_url=&#8220;https:\/\/www.portginesta.com\/wp-content\/uploads\/2022\/01\/Multicoques206.pdf&#8220; link_option_url_new_window=&#8220;on&#8220; global_colors_info=&#8220;{}&#8220;]<\/p>\n<p><a href=\"https:\/\/www.interempresas.net\/Nautica\/Articulos\/409664-Port-Ginesta-acoge-el-European-Yacht-of-the-Year-(EYOTY)-por-quinto-ano-consecutivo.html\" target=\"_blank\" rel=\"noopener\">Interempresas<\/a><br \/>22. Nov<\/p>\n<p>[\/et_pb_text][\/et_pb_column][et_pb_column type=&#8220;1_6&#8243; _builder_version=&#8220;4.16&#8243; _module_preset=&#8220;default&#8220; global_colors_info=&#8220;{}&#8220;][et_pb_image src=&#8220;https:\/\/www.portginesta.com\/wp-content\/uploads\/2022\/11\/12-portada-n-and-y-2.png&#8220; title_text=&#8220;12-portada-n-and-y-2&#8243; url=&#8220;https:\/\/nauticayyates.com\/port-ginesta-acoge-el-european-yacht-of-the-year-eyoty-por-quinto-ano-consecutivo\/&#8220; url_new_window=&#8220;on&#8220; _builder_version=&#8220;4.19.0&#8243; _module_preset=&#8220;default&#8220; custom_padding=&#8220;|||3em|false|false&#8220; global_colors_info=&#8220;{}&#8220;][\/et_pb_image][\/et_pb_column][et_pb_column type=&#8220;1_6&#8243; _builder_version=&#8220;4.16&#8243; _module_preset=&#8220;default&#8220; global_colors_info=&#8220;{}&#8220;][et_pb_text _builder_version=&#8220;4.19.0&#8243; _module_preset=&#8220;default&#8220; link_font=&#8220;Poppins||||||||&#8220; link_text_color=&#8220;#232323&#8243; ul_font=&#8220;Poppins||||||||&#8220; custom_margin=&#8220;|||-20px|false|false&#8220; link_option_url=&#8220;https:\/\/www.portginesta.com\/wp-content\/uploads\/2022\/01\/Mares421.pdf&#8220; link_option_url_new_window=&#8220;on&#8220; global_colors_info=&#8220;{}&#8220;]<\/p>\n<p><a href=\"https:\/\/nauticayyates.com\/port-ginesta-acoge-el-european-yacht-of-the-year-eyoty-por-quinto-ano-consecutivo\/\" target=\"_blank\" rel=\"noopener\">N\u00e1utica &amp; Yates<\/a><br \/>22. Nov<\/p>\n<p>[\/et_pb_text][\/et_pb_column][et_pb_column type=&#8220;1_6&#8243; _builder_version=&#8220;4.16&#8243; _module_preset=&#8220;default&#8220; global_colors_info=&#8220;{}&#8220;][et_pb_image src=&#8220;https:\/\/www.portginesta.com\/wp-content\/uploads\/2022\/11\/13-portada-nautica-digital-1.png&#8220; title_text=&#8220;13-portada-nautica-digital-1&#8243; url=&#8220;https:\/\/www.nauticadigital.com\/deportes\/multyhull-rally-race-exitoso-comienzo-de-una-innovadora-propuesta\/&#8220; url_new_window=&#8220;on&#8220; _builder_version=&#8220;4.19.0&#8243; _module_preset=&#8220;default&#8220; custom_padding=&#8220;|||3em|false|false&#8220; locked=&#8220;off&#8220; global_colors_info=&#8220;{}&#8220;][\/et_pb_image][\/et_pb_column][et_pb_column type=&#8220;1_6&#8243; _builder_version=&#8220;4.16&#8243; _module_preset=&#8220;default&#8220; global_colors_info=&#8220;{}&#8220;][et_pb_text _builder_version=&#8220;4.19.0&#8243; _module_preset=&#8220;default&#8220; link_font=&#8220;Poppins||||||||&#8220; link_text_color=&#8220;#232323&#8243; ul_font=&#8220;Poppins||||||||&#8220; custom_margin=&#8220;|||-20px|false|false&#8220; link_option_url=&#8220;https:\/\/www.portginesta.com\/wp-content\/uploads\/2022\/01\/Mares421.pdf&#8220; link_option_url_new_window=&#8220;on&#8220; locked=&#8220;off&#8220; global_colors_info=&#8220;{}&#8220;]<\/p>\n<p><a href=\"https:\/\/www.nauticadigital.com\/deportes\/multyhull-rally-race-exitoso-comienzo-de-una-innovadora-propuesta\/\" target=\"_blank\" rel=\"noopener\">N\u00e1utica Digital<\/a><br \/>22. Nov<\/p>\n<p>[\/et_pb_text][\/et_pb_column][\/et_pb_row][et_pb_row column_structure=&#8220;1_6,1_6,1_6,1_6,1_6,1_6&#8243; _builder_version=&#8220;4.16&#8243; _module_preset=&#8220;default&#8220; custom_margin=&#8220;0px||||false|false&#8220; custom_padding=&#8220;20px|10px|0px|10px|false|true&#8220; global_colors_info=&#8220;{}&#8220;][et_pb_column type=&#8220;1_6&#8243; _builder_version=&#8220;4.16&#8243; _module_preset=&#8220;default&#8220; global_colors_info=&#8220;{}&#8220;][et_pb_image src=&#8220;https:\/\/www.portginesta.com\/wp-content\/uploads\/2022\/11\/14-portada-nautica-digital-2.png&#8220; title_text=&#8220;14-portada-nautica-digital-2&#8243; url=&#8220;https:\/\/www.nauticadigital.com\/destacado\/un-ano-mas-port-ginesta-acoge-el-european-yacht-of-the-year\/&#8220; url_new_window=&#8220;on&#8220; _builder_version=&#8220;4.19.0&#8243; _module_preset=&#8220;default&#8220; custom_padding=&#8220;|||3em|false|false&#8220; global_colors_info=&#8220;{}&#8220;][\/et_pb_image][\/et_pb_column][et_pb_column type=&#8220;1_6&#8243; _builder_version=&#8220;4.16&#8243; _module_preset=&#8220;default&#8220; global_colors_info=&#8220;{}&#8220;][et_pb_text _builder_version=&#8220;4.19.0&#8243; _module_preset=&#8220;default&#8220; link_font=&#8220;Poppins||||||||&#8220; link_text_color=&#8220;#232323&#8243; ul_font=&#8220;Poppins||||||||&#8220; custom_margin=&#8220;|||-20px|false|false&#8220; link_option_url=&#8220;https:\/\/www.portginesta.com\/wp-content\/uploads\/2022\/01\/Multicoques206.pdf&#8220; link_option_url_new_window=&#8220;on&#8220; global_colors_info=&#8220;{}&#8220;]<\/p>\n<p><a href=\"https:\/\/www.nauticadigital.com\/destacado\/un-ano-mas-port-ginesta-acoge-el-european-yacht-of-the-year\/\" target=\"_blank\" rel=\"noopener\">N\u00e1utica Digital<\/a><br \/>22. Nov<\/p>\n<p>[\/et_pb_text][\/et_pb_column][et_pb_column type=&#8220;1_6&#8243; _builder_version=&#8220;4.16&#8243; _module_preset=&#8220;default&#8220; global_colors_info=&#8220;{}&#8220;][et_pb_image src=&#8220;https:\/\/www.portginesta.com\/wp-content\/uploads\/2022\/11\/15-portada-la-nacion.png&#8220; title_text=&#8220;15-portada-la-nacion&#8220; url=&#8220;https:\/\/www.lanacion.com.ar\/sabado\/recluta-el-barco-que-naufrago-en-la-costa-argentina-y-volvio-al-mar-80-anos-despues-nid01122021\/&#8220; url_new_window=&#8220;on&#8220; _builder_version=&#8220;4.19.0&#8243; _module_preset=&#8220;default&#8220; custom_padding=&#8220;|||3em|false|false&#8220; global_colors_info=&#8220;{}&#8220;][\/et_pb_image][\/et_pb_column][et_pb_column type=&#8220;1_6&#8243; _builder_version=&#8220;4.16&#8243; _module_preset=&#8220;default&#8220; global_colors_info=&#8220;{}&#8220;][et_pb_text _builder_version=&#8220;4.19.0&#8243; _module_preset=&#8220;default&#8220; link_font=&#8220;Poppins||||||||&#8220; link_text_color=&#8220;#232323&#8243; ul_font=&#8220;Poppins||||||||&#8220; custom_margin=&#8220;|||-20px|false|false&#8220; link_option_url=&#8220;https:\/\/www.portginesta.com\/wp-content\/uploads\/2022\/01\/Mares421.pdf&#8220; link_option_url_new_window=&#8220;on&#8220; global_colors_info=&#8220;{}&#8220;]<\/p>\n<p><a href=\"https:\/\/www.lanacion.com.ar\/sabado\/recluta-el-barco-que-naufrago-en-la-costa-argentina-y-volvio-al-mar-80-anos-despues-nid01122021\/\" target=\"_blank\" rel=\"noopener\">La Naci\u00f3n<\/a><br \/>21. Dez<\/p>\n<p>[\/et_pb_text][\/et_pb_column][et_pb_column type=&#8220;1_6&#8243; _builder_version=&#8220;4.16&#8243; _module_preset=&#8220;default&#8220; global_colors_info=&#8220;{}&#8220;][et_pb_image src=&#8220;https:\/\/www.portginesta.com\/wp-content\/uploads\/2022\/11\/16-portada-sitges-actiu.png&#8220; title_text=&#8220;16-portada-sitges-actiu&#8220; url=&#8220;https:\/\/sitgesactiu.com\/port-ginesta-incorpora-cargadores-de-endesa-x-para-coches-electricos-en-sus-instalaciones\/&#8220; url_new_window=&#8220;on&#8220; _builder_version=&#8220;4.19.0&#8243; _module_preset=&#8220;default&#8220; custom_padding=&#8220;|||3em|false|false&#8220; locked=&#8220;off&#8220; global_colors_info=&#8220;{}&#8220;][\/et_pb_image][\/et_pb_column][et_pb_column type=&#8220;1_6&#8243; _builder_version=&#8220;4.16&#8243; _module_preset=&#8220;default&#8220; global_colors_info=&#8220;{}&#8220;][et_pb_text _builder_version=&#8220;4.19.0&#8243; _module_preset=&#8220;default&#8220; link_font=&#8220;Poppins||||||||&#8220; link_text_color=&#8220;#232323&#8243; ul_font=&#8220;Poppins||||||||&#8220; custom_margin=&#8220;|||-20px|false|false&#8220; link_option_url=&#8220;https:\/\/www.portginesta.com\/wp-content\/uploads\/2022\/01\/Mares421.pdf&#8220; link_option_url_new_window=&#8220;on&#8220; locked=&#8220;off&#8220; global_colors_info=&#8220;{}&#8220;]<\/p>\n<p><a href=\"https:\/\/sitgesactiu.com\/port-ginesta-incorpora-cargadores-de-endesa-x-para-coches-electricos-en-sus-instalaciones\/\" target=\"_blank\" rel=\"noopener\">Sitges Actiu<\/a><br \/>22. Juli<\/p>\n<p>[\/et_pb_text][\/et_pb_column][\/et_pb_row][et_pb_row column_structure=&#8220;1_6,1_6,1_6,1_6,1_6,1_6&#8243; _builder_version=&#8220;4.16&#8243; _module_preset=&#8220;default&#8220; custom_margin=&#8220;0px||||false|false&#8220; custom_padding=&#8220;20px|10px|0px|10px|false|true&#8220; global_colors_info=&#8220;{}&#8220;][et_pb_column type=&#8220;1_6&#8243; _builder_version=&#8220;4.16&#8243; _module_preset=&#8220;default&#8220; global_colors_info=&#8220;{}&#8220;][et_pb_image src=&#8220;https:\/\/www.portginesta.com\/wp-content\/uploads\/2022\/11\/29-portada-multicoques.png&#8220; title_text=&#8220;29-portada-multicoques&#8220; url=&#8220;https:\/\/www.multicoques-mag.com\/actualites-catamaran-trimaran\/multihull-rally-race-rendez-vous-les-23-et-24-octobre-a-port-ginesta-pres-de-barcelone&#8220; url_new_window=&#8220;on&#8220; _builder_version=&#8220;4.19.0&#8243; _module_preset=&#8220;default&#8220; custom_padding=&#8220;|||3em|false|false&#8220; locked=&#8220;off&#8220; global_colors_info=&#8220;{}&#8220;][\/et_pb_image][\/et_pb_column][et_pb_column type=&#8220;1_6&#8243; _builder_version=&#8220;4.16&#8243; _module_preset=&#8220;default&#8220; global_colors_info=&#8220;{}&#8220;][et_pb_text _builder_version=&#8220;4.19.0&#8243; _module_preset=&#8220;default&#8220; link_font=&#8220;Poppins||||||||&#8220; link_text_color=&#8220;#232323&#8243; ul_font=&#8220;Poppins||||||||&#8220; custom_margin=&#8220;|||-20px|false|false&#8220; link_option_url=&#8220;https:\/\/www.portginesta.com\/wp-content\/uploads\/2022\/01\/Multicoques206.pdf&#8220; link_option_url_new_window=&#8220;on&#8220; global_colors_info=&#8220;{}&#8220;]<\/p>\n<p><a href=\"https:\/\/www.multicoques-mag.com\/actualites-catamaran-trimaran\/multihull-rally-race-rendez-vous-les-23-et-24-octobre-a-port-ginesta-pres-de-barcelone\" target=\"_blank\" rel=\"noopener\">Multicoques Mag<\/a><br \/>22. Sept<\/p>\n<p>[\/et_pb_text][\/et_pb_column][et_pb_column type=&#8220;1_6&#8243; _builder_version=&#8220;4.16&#8243; _module_preset=&#8220;default&#8220; global_colors_info=&#8220;{}&#8220;][et_pb_image src=&#8220;https:\/\/www.portginesta.com\/wp-content\/uploads\/2022\/11\/18-portada-cmd-sports-2.png&#8220; title_text=&#8220;18-portada-cmd-sports-2&#8243; url=&#8220;https:\/\/www.cmdsport.com\/fitness\/actualidad-fitness\/crossfit-se-introduce-puerto-deportivo-port-ginesta\/&#8220; url_new_window=&#8220;on&#8220; _builder_version=&#8220;4.19.0&#8243; _module_preset=&#8220;default&#8220; custom_padding=&#8220;|||3em|false|false&#8220; global_colors_info=&#8220;{}&#8220;][\/et_pb_image][\/et_pb_column][et_pb_column type=&#8220;1_6&#8243; _builder_version=&#8220;4.16&#8243; _module_preset=&#8220;default&#8220; global_colors_info=&#8220;{}&#8220;][et_pb_text _builder_version=&#8220;4.19.0&#8243; _module_preset=&#8220;default&#8220; link_font=&#8220;Poppins||||||||&#8220; link_text_color=&#8220;#232323&#8243; ul_font=&#8220;Poppins||||||||&#8220; custom_margin=&#8220;|||-20px|false|false&#8220; link_option_url=&#8220;https:\/\/www.portginesta.com\/wp-content\/uploads\/2022\/01\/Mares421.pdf&#8220; link_option_url_new_window=&#8220;on&#8220; global_colors_info=&#8220;{}&#8220;]<\/p>\n<p><a href=\"https:\/\/www.cmdsport.com\/fitness\/actualidad-fitness\/crossfit-se-introduce-puerto-deportivo-port-ginesta\/\" target=\"_blank\" rel=\"noopener\">CMD Sport<\/a><br \/>22. Dez<\/p>\n<p>[\/et_pb_text][\/et_pb_column][et_pb_column type=&#8220;1_6&#8243; _builder_version=&#8220;4.16&#8243; _module_preset=&#8220;default&#8220; global_colors_info=&#8220;{}&#8220;][et_pb_image src=&#8220;https:\/\/www.portginesta.com\/wp-content\/uploads\/2022\/11\/portada-visit-sitges-2.png&#8220; title_text=&#8220;portada-visit-sitges-2&#8243; url=&#8220;https:\/\/www.visitsitges.com\/fr\/el-ayuntamiento-de-sitges-consigue-desatascar-la-reforma-del-paseo-maritimo-de-les-botigues\/&#8220; url_new_window=&#8220;on&#8220; _builder_version=&#8220;4.19.0&#8243; _module_preset=&#8220;default&#8220; custom_padding=&#8220;|||3em|false|false&#8220; locked=&#8220;off&#8220; global_colors_info=&#8220;{}&#8220;][\/et_pb_image][\/et_pb_column][et_pb_column type=&#8220;1_6&#8243; _builder_version=&#8220;4.16&#8243; _module_preset=&#8220;default&#8220; global_colors_info=&#8220;{}&#8220;][et_pb_text _builder_version=&#8220;4.19.0&#8243; _module_preset=&#8220;default&#8220; link_font=&#8220;Poppins||||||||&#8220; link_text_color=&#8220;#232323&#8243; ul_font=&#8220;Poppins||||||||&#8220; custom_margin=&#8220;|||-20px|false|false&#8220; link_option_url=&#8220;https:\/\/www.portginesta.com\/wp-content\/uploads\/2022\/01\/Mares421.pdf&#8220; link_option_url_new_window=&#8220;on&#8220; locked=&#8220;off&#8220; global_colors_info=&#8220;{}&#8220;]<\/p>\n<p><a href=\"https:\/\/www.visitsitges.com\/fr\/el-ayuntamiento-de-sitges-consigue-desatascar-la-reforma-del-paseo-maritimo-de-les-botigues\/\" target=\"_blank\" rel=\"noopener\">Visit Sitges<\/a><br \/>22. Juli<\/p>\n<p>[\/et_pb_text][\/et_pb_column][\/et_pb_row][et_pb_row column_structure=&#8220;1_6,1_6,1_6,1_6,1_6,1_6&#8243; _builder_version=&#8220;4.16&#8243; _module_preset=&#8220;default&#8220; custom_margin=&#8220;0px||||false|false&#8220; custom_padding=&#8220;20px|10px|0px|10px|false|true&#8220; global_colors_info=&#8220;{}&#8220;][et_pb_column type=&#8220;1_6&#8243; _builder_version=&#8220;4.16&#8243; _module_preset=&#8220;default&#8220; global_colors_info=&#8220;{}&#8220;][et_pb_image src=&#8220;https:\/\/www.portginesta.com\/wp-content\/uploads\/2022\/11\/20-portada-n-and-y-3.png&#8220; title_text=&#8220;20-portada-n-and-y-3&#8243; url=&#8220;https:\/\/nauticayyates.com\/tms-maritime-solutions-y-squalo-marine-eligen-port-ginesta-para-abrir-sus-locales-comerciales\/&#8220; url_new_window=&#8220;on&#8220; _builder_version=&#8220;4.19.0&#8243; _module_preset=&#8220;default&#8220; custom_padding=&#8220;|||3em|false|false&#8220; global_colors_info=&#8220;{}&#8220;][\/et_pb_image][\/et_pb_column][et_pb_column type=&#8220;1_6&#8243; _builder_version=&#8220;4.16&#8243; _module_preset=&#8220;default&#8220; global_colors_info=&#8220;{}&#8220;][et_pb_text _builder_version=&#8220;4.19.0&#8243; _module_preset=&#8220;default&#8220; link_font=&#8220;Poppins||||||||&#8220; link_text_color=&#8220;#232323&#8243; ul_font=&#8220;Poppins||||||||&#8220; custom_margin=&#8220;|||-20px|false|false&#8220; link_option_url=&#8220;https:\/\/www.portginesta.com\/wp-content\/uploads\/2022\/01\/Multicoques206.pdf&#8220; link_option_url_new_window=&#8220;on&#8220; global_colors_info=&#8220;{}&#8220;]<\/p>\n<p><a href=\"https:\/\/nauticayyates.com\/tms-maritime-solutions-y-squalo-marine-eligen-port-ginesta-para-abrir-sus-locales-comerciales\/\" target=\"_blank\" rel=\"noopener\">N\u00e1utica &amp; Yates<\/a><br \/>22. Juli<\/p>\n<p>[\/et_pb_text][\/et_pb_column][et_pb_column type=&#8220;1_6&#8243; _builder_version=&#8220;4.16&#8243; _module_preset=&#8220;default&#8220; global_colors_info=&#8220;{}&#8220;][et_pb_image src=&#8220;https:\/\/www.portginesta.com\/wp-content\/uploads\/2022\/11\/21-portada-gym-factory.png&#8220; title_text=&#8220;21-portada-gym-factory&#8220; url=&#8220;https:\/\/gymfactory.net\/2022\/07\/18\/port-ginesta-amplia-su-oferta-de-servicios-con-nuevo-gimnasio-especializado-en-crossfit\/&#8220; url_new_window=&#8220;on&#8220; _builder_version=&#8220;4.19.0&#8243; _module_preset=&#8220;default&#8220; custom_padding=&#8220;|||3em|false|false&#8220; global_colors_info=&#8220;{}&#8220;][\/et_pb_image][\/et_pb_column][et_pb_column type=&#8220;1_6&#8243; _builder_version=&#8220;4.16&#8243; _module_preset=&#8220;default&#8220; global_colors_info=&#8220;{}&#8220;][et_pb_text _builder_version=&#8220;4.19.0&#8243; _module_preset=&#8220;default&#8220; link_font=&#8220;Poppins||||||||&#8220; link_text_color=&#8220;#232323&#8243; ul_font=&#8220;Poppins||||||||&#8220; custom_margin=&#8220;|||-20px|false|false&#8220; link_option_url=&#8220;https:\/\/www.portginesta.com\/wp-content\/uploads\/2022\/01\/Mares421.pdf&#8220; link_option_url_new_window=&#8220;on&#8220; global_colors_info=&#8220;{}&#8220;]<\/p>\n<p><a href=\"https:\/\/gymfactory.net\/2022\/07\/18\/port-ginesta-amplia-su-oferta-de-servicios-con-nuevo-gimnasio-especializado-en-crossfit\/\" target=\"_blank\" rel=\"noopener\">Gym Factory<\/a><br \/>22. Juli<\/p>\n<p>[\/et_pb_text][\/et_pb_column][et_pb_column type=&#8220;1_6&#8243; _builder_version=&#8220;4.16&#8243; _module_preset=&#8220;default&#8220; global_colors_info=&#8220;{}&#8220;][et_pb_image src=&#8220;https:\/\/www.portginesta.com\/wp-content\/uploads\/2022\/11\/22-portada-el-llobregat-2.png&#8220; title_text=&#8220;22-portada-el-llobregat-2&#8243; url=&#8220;https:\/\/www.elllobregat.com\/noticia\/23104\/gav\/gav-reclama-que-se-amplie-de-forma-extraordinaria-la-aportacion-de-arena-para-recuperar-las-playas.html&#8220; url_new_window=&#8220;on&#8220; _builder_version=&#8220;4.19.0&#8243; _module_preset=&#8220;default&#8220; custom_padding=&#8220;|||3em|false|false&#8220; locked=&#8220;off&#8220; global_colors_info=&#8220;{}&#8220;][\/et_pb_image][\/et_pb_column][et_pb_column type=&#8220;1_6&#8243; _builder_version=&#8220;4.16&#8243; _module_preset=&#8220;default&#8220; global_colors_info=&#8220;{}&#8220;][et_pb_text _builder_version=&#8220;4.19.0&#8243; _module_preset=&#8220;default&#8220; link_font=&#8220;Poppins||||||||&#8220; link_text_color=&#8220;#232323&#8243; ul_font=&#8220;Poppins||||||||&#8220; custom_margin=&#8220;|||-20px|false|false&#8220; link_option_url=&#8220;https:\/\/www.portginesta.com\/wp-content\/uploads\/2022\/01\/Mares421.pdf&#8220; link_option_url_new_window=&#8220;on&#8220; locked=&#8220;off&#8220; global_colors_info=&#8220;{}&#8220;]<\/p>\n<p><a href=\"https:\/\/www.elllobregat.com\/noticia\/23104\/gav\/gav-reclama-que-se-amplie-de-forma-extraordinaria-la-aportacion-de-arena-para-recuperar-las-playas.html\" target=\"_blank\" rel=\"noopener\">El Llobregat<\/a><br \/>22. Juli<\/p>\n<p>[\/et_pb_text][\/et_pb_column][\/et_pb_row][et_pb_row column_structure=&#8220;1_6,1_6,1_6,1_6,1_6,1_6&#8243; _builder_version=&#8220;4.16&#8243; _module_preset=&#8220;default&#8220; custom_margin=&#8220;0px||||false|false&#8220; custom_padding=&#8220;20px|10px|0px|10px|false|true&#8220; global_colors_info=&#8220;{}&#8220;][et_pb_column type=&#8220;1_6&#8243; _builder_version=&#8220;4.16&#8243; _module_preset=&#8220;default&#8220; global_colors_info=&#8220;{}&#8220;][et_pb_image src=&#8220;https:\/\/www.portginesta.com\/wp-content\/uploads\/2022\/11\/23-portada-el-mundo-ecologico.png&#8220; title_text=&#8220;23-portada-el-mundo-ecologico&#8220; url=&#8220;https:\/\/www.elmundoecologico.es\/noticias-movilidad-sostenible\/port-ginesta-cargadores-coches-electricos\/?utm_source=rss&#038;utm_medium=rss&#038;utm_campaign=port-ginesta-cargadores-coches-electricos&#8220; url_new_window=&#8220;on&#8220; _builder_version=&#8220;4.19.0&#8243; _module_preset=&#8220;default&#8220; custom_padding=&#8220;|||3em|false|false&#8220; global_colors_info=&#8220;{}&#8220;][\/et_pb_image][\/et_pb_column][et_pb_column type=&#8220;1_6&#8243; _builder_version=&#8220;4.16&#8243; _module_preset=&#8220;default&#8220; global_colors_info=&#8220;{}&#8220;][et_pb_text _builder_version=&#8220;4.19.0&#8243; _module_preset=&#8220;default&#8220; link_font=&#8220;Poppins||||||||&#8220; link_text_color=&#8220;#232323&#8243; ul_font=&#8220;Poppins||||||||&#8220; custom_margin=&#8220;|||-20px|false|false&#8220; link_option_url=&#8220;https:\/\/www.portginesta.com\/wp-content\/uploads\/2022\/01\/Multicoques206.pdf&#8220; link_option_url_new_window=&#8220;on&#8220; global_colors_info=&#8220;{}&#8220;]<\/p>\n<p><a href=\"https:\/\/www.elmundoecologico.es\/noticias-movilidad-sostenible\/port-ginesta-cargadores-coches-electricos\/?utm_source=rss&amp;utm_medium=rss&amp;utm_campaign=port-ginesta-cargadores-coches-electricos\" target=\"_blank\" rel=\"noopener\">El Mundo Ecol\u00f3gico<\/a><br \/>Jul 22<\/p>\n<p>[\/et_pb_text][\/et_pb_column][et_pb_column type=&#8220;1_6&#8243; _builder_version=&#8220;4.16&#8243; _module_preset=&#8220;default&#8220; global_colors_info=&#8220;{}&#8220;][et_pb_image src=&#8220;https:\/\/www.portginesta.com\/wp-content\/uploads\/2022\/11\/24-portada-citymotion.png&#8220; title_text=&#8220;24-portada-citymotion&#8220; url=&#8220;https:\/\/citymotion.es\/port-ginesta-incorpora-cargadores-de-endesa-x-para-coches-electricos-en-sus-instalaciones&#8220; url_new_window=&#8220;on&#8220; _builder_version=&#8220;4.19.0&#8243; _module_preset=&#8220;default&#8220; custom_padding=&#8220;|||3em|false|false&#8220; global_colors_info=&#8220;{}&#8220;][\/et_pb_image][\/et_pb_column][et_pb_column type=&#8220;1_6&#8243; _builder_version=&#8220;4.16&#8243; _module_preset=&#8220;default&#8220; global_colors_info=&#8220;{}&#8220;][et_pb_text _builder_version=&#8220;4.19.0&#8243; _module_preset=&#8220;default&#8220; link_font=&#8220;Poppins||||||||&#8220; link_text_color=&#8220;#232323&#8243; ul_font=&#8220;Poppins||||||||&#8220; custom_margin=&#8220;|||-20px|false|false&#8220; link_option_url=&#8220;https:\/\/www.portginesta.com\/wp-content\/uploads\/2022\/01\/Mares421.pdf&#8220; link_option_url_new_window=&#8220;on&#8220; global_colors_info=&#8220;{}&#8220;]<\/p>\n<p><a href=\"https:\/\/citymotion.es\/port-ginesta-incorpora-cargadores-de-endesa-x-para-coches-electricos-en-sus-instalaciones\" target=\"_blank\" rel=\"noopener\">Citymotion<\/a><br \/>22. Juli<\/p>\n<p>[\/et_pb_text][\/et_pb_column][et_pb_column type=&#8220;1_6&#8243; _builder_version=&#8220;4.16&#8243; _module_preset=&#8220;default&#8220; global_colors_info=&#8220;{}&#8220;][et_pb_image src=&#8220;https:\/\/www.portginesta.com\/wp-content\/uploads\/2022\/11\/25-portada-la-vanguardia.png&#8220; title_text=&#8220;25-portada-la-vanguardia&#8220; url=&#8220;https:\/\/www.lavanguardia.com\/participacion\/las-fotos-de-los-lectores\/20220802\/8440727\/pequeno-paraiso-port-ginesta.html&#8220; url_new_window=&#8220;on&#8220; _builder_version=&#8220;4.19.0&#8243; _module_preset=&#8220;default&#8220; custom_padding=&#8220;|||3em|false|false&#8220; locked=&#8220;off&#8220; global_colors_info=&#8220;{}&#8220;][\/et_pb_image][\/et_pb_column][et_pb_column type=&#8220;1_6&#8243; _builder_version=&#8220;4.16&#8243; _module_preset=&#8220;default&#8220; global_colors_info=&#8220;{}&#8220;][et_pb_text _builder_version=&#8220;4.19.0&#8243; _module_preset=&#8220;default&#8220; link_font=&#8220;Poppins||||||||&#8220; link_text_color=&#8220;#232323&#8243; ul_font=&#8220;Poppins||||||||&#8220; custom_margin=&#8220;|||-20px|false|false&#8220; link_option_url=&#8220;https:\/\/www.portginesta.com\/wp-content\/uploads\/2022\/01\/Mares421.pdf&#8220; link_option_url_new_window=&#8220;on&#8220; locked=&#8220;off&#8220; global_colors_info=&#8220;{}&#8220;]<\/p>\n<p><a href=\"https:\/\/www.lavanguardia.com\/participacion\/las-fotos-de-los-lectores\/20220802\/8440727\/pequeno-paraiso-port-ginesta.html\" target=\"_blank\" rel=\"noopener\">La Vanguardia<\/a><br \/>22. August<\/p>\n<p>[\/et_pb_text][\/et_pb_column][\/et_pb_row][et_pb_row column_structure=&#8220;1_6,1_6,1_6,1_6,1_6,1_6&#8243; _builder_version=&#8220;4.16&#8243; _module_preset=&#8220;default&#8220; custom_margin=&#8220;0px||||false|false&#8220; custom_padding=&#8220;20px|10px|0px|10px|false|true&#8220; global_colors_info=&#8220;{}&#8220;][et_pb_column type=&#8220;1_6&#8243; _builder_version=&#8220;4.16&#8243; _module_preset=&#8220;default&#8220; global_colors_info=&#8220;{}&#8220;][et_pb_image src=&#8220;https:\/\/www.portginesta.com\/wp-content\/uploads\/2022\/11\/26-portada-castelldefels-digital.png&#8220; title_text=&#8220;26-portada-castelldefels-digital&#8220; url=&#8220;https:\/\/castelldefels.digital\/port-ginesta-continua-su-proceso-de-transformacion-y-amplia-su-oferta-gastronomica\/&#8220; url_new_window=&#8220;on&#8220; _builder_version=&#8220;4.19.0&#8243; _module_preset=&#8220;default&#8220; custom_padding=&#8220;|||3em|false|false&#8220; global_colors_info=&#8220;{}&#8220;][\/et_pb_image][\/et_pb_column][et_pb_column type=&#8220;1_6&#8243; _builder_version=&#8220;4.16&#8243; _module_preset=&#8220;default&#8220; global_colors_info=&#8220;{}&#8220;][et_pb_text _builder_version=&#8220;4.19.0&#8243; _module_preset=&#8220;default&#8220; link_font=&#8220;Poppins||||||||&#8220; link_text_color=&#8220;#232323&#8243; ul_font=&#8220;Poppins||||||||&#8220; custom_margin=&#8220;|||-20px|false|false&#8220; link_option_url=&#8220;https:\/\/www.portginesta.com\/wp-content\/uploads\/2022\/01\/Multicoques206.pdf&#8220; link_option_url_new_window=&#8220;on&#8220; global_colors_info=&#8220;{}&#8220;]<\/p>\n<p><a href=\"https:\/\/castelldefels.digital\/port-ginesta-continua-su-proceso-de-transformacion-y-amplia-su-oferta-gastronomica\/\" target=\"_blank\" rel=\"noopener\">Castelldefels Digital<\/a><br \/>22. August<\/p>\n<p>[\/et_pb_text][\/et_pb_column][et_pb_column type=&#8220;1_6&#8243; _builder_version=&#8220;4.16&#8243; _module_preset=&#8220;default&#8220; global_colors_info=&#8220;{}&#8220;][et_pb_image src=&#8220;https:\/\/www.portginesta.com\/wp-content\/uploads\/2022\/11\/27-portada-interempresas-2.png&#8220; title_text=&#8220;27-portada-interempresas-2&#8243; url=&#8220;https:\/\/www.interempresas.net\/Nautica\/Articulos\/397359-Port-Ginesta-continua-su-proceso-de-transformacion-y-amplia-su-oferta-gastronomica.html&#8220; url_new_window=&#8220;on&#8220; _builder_version=&#8220;4.19.0&#8243; _module_preset=&#8220;default&#8220; custom_padding=&#8220;|||3em|false|false&#8220; global_colors_info=&#8220;{}&#8220;][\/et_pb_image][\/et_pb_column][et_pb_column type=&#8220;1_6&#8243; _builder_version=&#8220;4.16&#8243; _module_preset=&#8220;default&#8220; global_colors_info=&#8220;{}&#8220;][et_pb_text _builder_version=&#8220;4.19.0&#8243; _module_preset=&#8220;default&#8220; link_font=&#8220;Poppins||||||||&#8220; link_text_color=&#8220;#232323&#8243; ul_font=&#8220;Poppins||||||||&#8220; custom_margin=&#8220;|||-20px|false|false&#8220; link_option_url=&#8220;https:\/\/www.portginesta.com\/wp-content\/uploads\/2022\/01\/Mares421.pdf&#8220; link_option_url_new_window=&#8220;on&#8220; global_colors_info=&#8220;{}&#8220;]<\/p>\n<p><a href=\"https:\/\/www.interempresas.net\/Nautica\/Articulos\/397359-Port-Ginesta-continua-su-proceso-de-transformacion-y-amplia-su-oferta-gastronomica.html\" target=\"_blank\" rel=\"noopener\">Interempresas<\/a><br \/>22. August<\/p>\n<p>[\/et_pb_text][\/et_pb_column][et_pb_column type=&#8220;1_6&#8243; _builder_version=&#8220;4.16&#8243; _module_preset=&#8220;default&#8220; global_colors_info=&#8220;{}&#8220;][et_pb_image src=&#8220;https:\/\/www.portginesta.com\/wp-content\/uploads\/2022\/11\/28-portada-n-and-y-4.png&#8220; title_text=&#8220;28-portada-n-and-y-4&#8243; url=&#8220;https:\/\/nauticayyates.com\/port-ginesta-continua-su-proceso-de-transformacion-y-amplia-su-oferta-gastronomica\/&#8220; url_new_window=&#8220;on&#8220; _builder_version=&#8220;4.19.0&#8243; _module_preset=&#8220;default&#8220; custom_padding=&#8220;|||3em|false|false&#8220; locked=&#8220;off&#8220; global_colors_info=&#8220;{}&#8220;][\/et_pb_image][\/et_pb_column][et_pb_column type=&#8220;1_6&#8243; _builder_version=&#8220;4.16&#8243; _module_preset=&#8220;default&#8220; global_colors_info=&#8220;{}&#8220;][et_pb_text _builder_version=&#8220;4.19.0&#8243; _module_preset=&#8220;default&#8220; link_font=&#8220;Poppins||||||||&#8220; link_text_color=&#8220;#232323&#8243; ul_font=&#8220;Poppins||||||||&#8220; custom_margin=&#8220;|||-20px|false|false&#8220; link_option_url=&#8220;https:\/\/www.portginesta.com\/wp-content\/uploads\/2022\/01\/Mares421.pdf&#8220; link_option_url_new_window=&#8220;on&#8220; locked=&#8220;off&#8220; global_colors_info=&#8220;{}&#8220;]<\/p>\n<p><a href=\"https:\/\/nauticayyates.com\/port-ginesta-continua-su-proceso-de-transformacion-y-amplia-su-oferta-gastronomica\/\" target=\"_blank\" rel=\"noopener\">N\u00e1utica &amp; Yates<\/a><br \/>22. August<\/p>\n<p>[\/et_pb_text][\/et_pb_column][\/et_pb_row][et_pb_row column_structure=&#8220;1_6,1_6,1_6,1_6,1_6,1_6&#8243; _builder_version=&#8220;4.16&#8243; _module_preset=&#8220;default&#8220; custom_margin=&#8220;0px||||false|false&#8220; custom_padding=&#8220;20px|10px|0px|10px|false|true&#8220; global_colors_info=&#8220;{}&#8220;][et_pb_column type=&#8220;1_6&#8243; _builder_version=&#8220;4.16&#8243; _module_preset=&#8220;default&#8220; global_colors_info=&#8220;{}&#8220;][et_pb_image src=&#8220;https:\/\/www.portginesta.com\/wp-content\/uploads\/2022\/11\/la-vanguardia-nueva-era-port-ginesta.webp&#8220; title_text=&#8220;la-vanguardia-nueva-era-port-ginesta&#8220; url=&#8220;https:\/\/www.lavanguardia.com\/economia\/20220411\/8191331\/nueva-port-ginesta.html&#8220; url_new_window=&#8220;on&#8220; _builder_version=&#8220;4.19.1&#8243; _module_preset=&#8220;default&#8220; custom_padding=&#8220;|||3em|false|false&#8220; global_colors_info=&#8220;{}&#8220;][\/et_pb_image][\/et_pb_column][et_pb_column type=&#8220;1_6&#8243; _builder_version=&#8220;4.16&#8243; _module_preset=&#8220;default&#8220; global_colors_info=&#8220;{}&#8220;][et_pb_text _builder_version=&#8220;4.19.1&#8243; _module_preset=&#8220;default&#8220; link_font=&#8220;Poppins||||||||&#8220; link_text_color=&#8220;#232323&#8243; ul_font=&#8220;Poppins||||||||&#8220; custom_margin=&#8220;|||-20px|false|false&#8220; link_option_url=&#8220;https:\/\/www.portginesta.com\/wp-content\/uploads\/2022\/01\/Multicoques206.pdf&#8220; link_option_url_new_window=&#8220;on&#8220; global_colors_info=&#8220;{}&#8220;]<\/p>\n<p><a href=\"https:\/\/www.lavanguardia.com\/economia\/20220411\/8191331\/nueva-port-ginesta.html\" target=\"_blank\" rel=\"noopener\">La Vanguardia<\/a><br \/>April 22<\/p>\n<p>[\/et_pb_text][\/et_pb_column][et_pb_column type=&#8220;1_6&#8243; _builder_version=&#8220;4.16&#8243; _module_preset=&#8220;default&#8220; global_colors_info=&#8220;{}&#8220;][et_pb_image src=&#8220;https:\/\/www.portginesta.com\/wp-content\/uploads\/2022\/11\/the-new-barcelona-post.webp&#8220; title_text=&#8220;the-new-barcelona-post&#8220; url=&#8220;https:\/\/www.thenewbarcelonapost.com\/port-ginesta-reafirma-base-internacional-navieras-deportivas\/&#8220; url_new_window=&#8220;on&#8220; _builder_version=&#8220;4.19.1&#8243; _module_preset=&#8220;default&#8220; custom_padding=&#8220;|||3em|false|false&#8220; global_colors_info=&#8220;{}&#8220;][\/et_pb_image][\/et_pb_column][et_pb_column type=&#8220;1_6&#8243; _builder_version=&#8220;4.16&#8243; _module_preset=&#8220;default&#8220; global_colors_info=&#8220;{}&#8220;][et_pb_text _builder_version=&#8220;4.19.1&#8243; _module_preset=&#8220;default&#8220; link_font=&#8220;Poppins||||||||&#8220; link_text_color=&#8220;#232323&#8243; ul_font=&#8220;Poppins||||||||&#8220; custom_margin=&#8220;|||-20px|false|false&#8220; link_option_url=&#8220;https:\/\/www.portginesta.com\/wp-content\/uploads\/2022\/01\/Mares421.pdf&#8220; link_option_url_new_window=&#8220;on&#8220; global_colors_info=&#8220;{}&#8220;]<\/p>\n<p><a href=\"https:\/\/www.thenewbarcelonapost.com\/port-ginesta-reafirma-base-internacional-navieras-deportivas\/\" target=\"_blank\" rel=\"noopener\">The New Barcelona Post<\/a><br \/>Aug 22<\/p>\n<p>[\/et_pb_text][\/et_pb_column][et_pb_column type=&#8220;1_6&#8243; _builder_version=&#8220;4.16&#8243; _module_preset=&#8220;default&#8220; global_colors_info=&#8220;{}&#8220;][et_pb_image src=&#8220;https:\/\/www.portginesta.com\/wp-content\/uploads\/2022\/12\/anales-sectoriales-dic-22.png&#8220; alt=&#8220;Anales Sectoriales &#8211; Dezember 2022&#8243; title_text=&#8220;anales-sectoriales-dic-22&#8243; url=&#8220;https:\/\/www.interempresas.net\/Nautica\/Articulos\/445962-Port-Ginesta-inaugura-primera-darsena-disenada-exclusivamente-para-multicascos-en-Europa.html&#8220; url_new_window=&#8220;on&#8220; _builder_version=&#8220;4.19.2&#8243; _module_preset=&#8220;default&#8220; custom_padding=&#8220;|||3em|false|false&#8220; locked=&#8220;off&#8220; global_colors_info=&#8220;{}&#8220;][\/et_pb_image][\/et_pb_column][et_pb_column type=&#8220;1_6&#8243; _builder_version=&#8220;4.16&#8243; _module_preset=&#8220;default&#8220; global_colors_info=&#8220;{}&#8220;][et_pb_text _builder_version=&#8220;4.19.2&#8243; _module_preset=&#8220;default&#8220; link_font=&#8220;Poppins||||||||&#8220; link_text_color=&#8220;#232323&#8243; ul_font=&#8220;Poppins||||||||&#8220; custom_margin=&#8220;|||-20px|false|false&#8220; link_option_url=&#8220;https:\/\/www.interempresas.net\/Nautica\/Articulos\/445962-Port-Ginesta-inaugura-primera-darsena-disenada-exclusivamente-para-multicascos-en-Europa.html&#8220; link_option_url_new_window=&#8220;on&#8220; locked=&#8220;off&#8220; global_colors_info=&#8220;{}&#8220;]<\/p>\n<p><a href=\"https:\/\/www.interempresas.net\/Nautica\/Articulos\/445962-Port-Ginesta-inaugura-primera-darsena-disenada-exclusivamente-para-multicascos-en-Europa.html\" target=\"_blank\" rel=\"noopener\">Anales Sectoriales<\/a><br \/>Dez 22<\/p>\n<p>[\/et_pb_text][\/et_pb_column][\/et_pb_row][et_pb_row column_structure=&#8220;1_6,1_6,1_6,1_6,1_6,1_6&#8243; _builder_version=&#8220;4.16&#8243; _module_preset=&#8220;default&#8220; custom_margin=&#8220;0px||||false|false&#8220; custom_padding=&#8220;20px|10px|0px|10px|false|true&#8220; locked=&#8220;off&#8220; global_colors_info=&#8220;{}&#8220;][et_pb_column type=&#8220;1_6&#8243; _builder_version=&#8220;4.16&#8243; _module_preset=&#8220;default&#8220; global_colors_info=&#8220;{}&#8220;][et_pb_image src=&#8220;https:\/\/www.portginesta.com\/wp-content\/uploads\/2022\/12\/panorama-nautico-dic-22.png&#8220; alt=&#8220;Panorama N\u00e1utico &#8211; Dezember 2022&#8243; title_text=&#8220;panorama-nautico-dic-22&#8243; url=&#8220;https:\/\/www.panoramanautico.com\/la-primera-darsena-exclusiva-para-multicascos-de-europa-esta-en-port-ginesta\/&#8220; url_new_window=&#8220;on&#8220; _builder_version=&#8220;4.19.2&#8243; _module_preset=&#8220;default&#8220; custom_padding=&#8220;|||3em|false|false&#8220; global_colors_info=&#8220;{}&#8220;][\/et_pb_image][\/et_pb_column][et_pb_column type=&#8220;1_6&#8243; _builder_version=&#8220;4.16&#8243; _module_preset=&#8220;default&#8220; global_colors_info=&#8220;{}&#8220;][et_pb_text _builder_version=&#8220;4.19.2&#8243; _module_preset=&#8220;default&#8220; link_font=&#8220;Poppins||||||||&#8220; link_text_color=&#8220;#232323&#8243; ul_font=&#8220;Poppins||||||||&#8220; custom_margin=&#8220;|||-20px|false|false&#8220; link_option_url=&#8220;https:\/\/www.panoramanautico.com\/la-primera-darsena-exclusiva-para-multicascos-de-europa-esta-en-port-ginesta\/&#8220; link_option_url_new_window=&#8220;on&#8220; global_colors_info=&#8220;{}&#8220;]<\/p>\n<p><a href=\"https:\/\/www.panoramanautico.com\/la-primera-darsena-exclusiva-para-multicascos-de-europa-esta-en-port-ginesta\/\" target=\"_blank\" rel=\"noopener\">Panorama N\u00e1utico<\/a><br \/>Dez 22<\/p>\n<p>[\/et_pb_text][\/et_pb_column][et_pb_column type=&#8220;1_6&#8243; _builder_version=&#8220;4.16&#8243; _module_preset=&#8220;default&#8220; global_colors_info=&#8220;{}&#8220;][et_pb_image src=&#8220;https:\/\/www.portginesta.com\/wp-content\/uploads\/2022\/12\/naucher-dic-22.png&#8220; alt=&#8220;Naucher &#8211; Dezember 22&#8243; title_text=&#8220;naucher-dic-22&#8243; url=&#8220;https:\/\/www.naucher.com\/port-ginesta-inaugura-la-primera-darsena-exclusiva-de-europa-para-multicascos\/&#8220; url_new_window=&#8220;on&#8220; _builder_version=&#8220;4.19.2&#8243; _module_preset=&#8220;default&#8220; custom_padding=&#8220;|||3em|false|false&#8220; global_colors_info=&#8220;{}&#8220;][\/et_pb_image][\/et_pb_column][et_pb_column type=&#8220;1_6&#8243; _builder_version=&#8220;4.16&#8243; _module_preset=&#8220;default&#8220; global_colors_info=&#8220;{}&#8220;][et_pb_text _builder_version=&#8220;4.19.2&#8243; _module_preset=&#8220;default&#8220; link_font=&#8220;Poppins||||||||&#8220; link_text_color=&#8220;#232323&#8243; ul_font=&#8220;Poppins||||||||&#8220; custom_margin=&#8220;|||-20px|false|false&#8220; link_option_url=&#8220;https:\/\/www.portginesta.com\/wp-content\/uploads\/2022\/01\/Mares421.pdf&#8220; link_option_url_new_window=&#8220;on&#8220; global_colors_info=&#8220;{}&#8220;]<\/p>\n<p><a href=\"https:\/\/www.naucher.com\/port-ginesta-inaugura-la-primera-darsena-exclusiva-de-europa-para-multicascos\/\" target=\"_blank\" rel=\"noopener\">Naucher<\/a><br \/>Dez 22<\/p>\n<p>[\/et_pb_text][\/et_pb_column][et_pb_column type=&#8220;1_6&#8243; _builder_version=&#8220;4.16&#8243; _module_preset=&#8220;default&#8220; global_colors_info=&#8220;{}&#8220;][et_pb_image src=&#8220;https:\/\/www.portginesta.com\/wp-content\/uploads\/2022\/12\/el-canal-dic-22.png&#8220; alt=&#8220;Diario El Canal &#8211; Dic 22&#8243; title_text=&#8220;el-canal-dic-22&#8243; url=&#8220;https:\/\/www.diarioelcanal.com\/port-ginesta-primera-darsena-multicascos-europa\/&#8220; url_new_window=&#8220;on&#8220; _builder_version=&#8220;4.19.2&#8243; _module_preset=&#8220;default&#8220; custom_padding=&#8220;|||3em|false|false&#8220; locked=&#8220;off&#8220; global_colors_info=&#8220;{}&#8220;][\/et_pb_image][\/et_pb_column][et_pb_column type=&#8220;1_6&#8243; _builder_version=&#8220;4.16&#8243; _module_preset=&#8220;default&#8220; global_colors_info=&#8220;{}&#8220;][et_pb_text _builder_version=&#8220;4.19.2&#8243; _module_preset=&#8220;default&#8220; link_font=&#8220;Poppins||||||||&#8220; link_text_color=&#8220;#232323&#8243; ul_font=&#8220;Poppins||||||||&#8220; custom_margin=&#8220;|||-20px|false|false&#8220; link_option_url=&#8220;https:\/\/www.diarioelcanal.com\/port-ginesta-primera-darsena-multicascos-europa\/&#8220; link_option_url_new_window=&#8220;on&#8220; locked=&#8220;off&#8220; global_colors_info=&#8220;{}&#8220;]<\/p>\n<p><a href=\"https:\/\/www.diarioelcanal.com\/port-ginesta-primera-darsena-multicascos-europa\/\" target=\"_blank\" rel=\"noopener\">Diario El Canal<\/a><br \/>Dez 22<\/p>\n<p>[\/et_pb_text][\/et_pb_column][\/et_pb_row][et_pb_row column_structure=&#8220;1_6,1_6,1_6,1_6,1_6,1_6&#8243; _builder_version=&#8220;4.16&#8243; _module_preset=&#8220;default&#8220; custom_margin=&#8220;0px||||false|false&#8220; custom_padding=&#8220;20px|10px|0px|10px|false|true&#8220; locked=&#8220;off&#8220; global_colors_info=&#8220;{}&#8220;][et_pb_column type=&#8220;1_6&#8243; _builder_version=&#8220;4.16&#8243; _module_preset=&#8220;default&#8220; global_colors_info=&#8220;{}&#8220;][et_pb_image src=&#8220;https:\/\/www.portginesta.com\/wp-content\/uploads\/2022\/12\/autonautique-dic-22.png&#8220; alt=&#8220;Actunautique &#8211; Dezember 2022&#8243; title_text=&#8220;autonautique-dic-22&#8243; url=&#8220;https:\/\/www.actunautique.com\/2022\/11\/l-esprit-start-up-regne-chez-wellcraft-europe.html&#8220; url_new_window=&#8220;on&#8220; _builder_version=&#8220;4.19.2&#8243; _module_preset=&#8220;default&#8220; custom_padding=&#8220;|||3em|false|false&#8220; global_colors_info=&#8220;{}&#8220;][\/et_pb_image][\/et_pb_column][et_pb_column type=&#8220;1_6&#8243; _builder_version=&#8220;4.16&#8243; _module_preset=&#8220;default&#8220; global_colors_info=&#8220;{}&#8220;][et_pb_text _builder_version=&#8220;4.19.2&#8243; _module_preset=&#8220;default&#8220; link_font=&#8220;Poppins||||||||&#8220; link_text_color=&#8220;#232323&#8243; ul_font=&#8220;Poppins||||||||&#8220; custom_margin=&#8220;|||-20px|false|false&#8220; link_option_url=&#8220;https:\/\/www.portginesta.com\/wp-content\/uploads\/2022\/01\/Multicoques206.pdf&#8220; link_option_url_new_window=&#8220;on&#8220; global_colors_info=&#8220;{}&#8220;]<\/p>\n<p><a href=\"https:\/\/www.actunautique.com\/2022\/11\/l-esprit-start-up-regne-chez-wellcraft-europe.html\" target=\"_blank\" rel=\"noopener\">Actunautique<\/a><br \/>Dez 22<\/p>\n<p>[\/et_pb_text][\/et_pb_column][et_pb_column type=&#8220;1_6&#8243; _builder_version=&#8220;4.16&#8243; _module_preset=&#8220;default&#8220; global_colors_info=&#8220;{}&#8220;][et_pb_image src=&#8220;https:\/\/www.portginesta.com\/wp-content\/uploads\/2022\/12\/nautik-port-ginesta-dic-22.png&#8220; alt=&#8220;Nautik | Port Ginesta Dezember 22&#8243; title_text=&#8220;nautik-port-ginesta-dic-22&#8243; url=&#8220;https:\/\/nautikmagazine.es\/actualidad\/la-primera-darsena-de-europa-disenada-exclusivamente-para-catamaranes-esta-en-espana-y-sabemos-donde\/&#8220; url_new_window=&#8220;on&#8220; _builder_version=&#8220;4.19.2&#8243; _module_preset=&#8220;default&#8220; custom_padding=&#8220;|||3em|false|false&#8220; locked=&#8220;off&#8220; global_colors_info=&#8220;{}&#8220;][\/et_pb_image][\/et_pb_column][et_pb_column type=&#8220;1_6&#8243; _builder_version=&#8220;4.16&#8243; _module_preset=&#8220;default&#8220; global_colors_info=&#8220;{}&#8220;][et_pb_text _builder_version=&#8220;4.19.2&#8243; _module_preset=&#8220;default&#8220; link_font=&#8220;Poppins||||||||&#8220; link_text_color=&#8220;#232323&#8243; ul_font=&#8220;Poppins||||||||&#8220; custom_margin=&#8220;|||-20px|false|false&#8220; link_option_url=&#8220;https:\/\/nautikmagazine.es\/actualidad\/la-primera-darsena-de-europa-disenada-exclusivamente-para-catamaranes-esta-en-espana-y-sabemos-donde\/&#8220; link_option_url_new_window=&#8220;on&#8220; locked=&#8220;off&#8220; global_colors_info=&#8220;{}&#8220;]<\/p>\n<p><a href=\"https:\/\/nautikmagazine.es\/actualidad\/la-primera-darsena-de-europa-disenada-exclusivamente-para-catamaranes-esta-en-espana-y-sabemos-donde\/\" target=\"_blank\" rel=\"noopener\">Nautik<\/a><br \/>Dez 22<\/p>\n<p>[\/et_pb_text][\/et_pb_column][et_pb_column type=&#8220;1_6&#8243; _builder_version=&#8220;4.16&#8243; _module_preset=&#8220;default&#8220; global_colors_info=&#8220;{}&#8220;][et_pb_image src=&#8220;https:\/\/www.portginesta.com\/wp-content\/uploads\/2022\/12\/comunidad-nautica-port-ginesta-dic-22.png&#8220; alt=&#8220;Comunidad N\u00e1utica | Port Ginesta Dez 22&#8243; title_text=&#8220;comunidad-nautica-port-ginesta-dic-22&#8243; url=&#8220;https:\/\/comunidadnautica.com\/espana-la-primera-marina-exclusiva-para-catamaranes-de-europa-esta-en-port-ginesta\/&#8220; url_new_window=&#8220;on&#8220; _builder_version=&#8220;4.19.2&#8243; _module_preset=&#8220;default&#8220; custom_padding=&#8220;|||3em|false|false&#8220; locked=&#8220;off&#8220; global_colors_info=&#8220;{}&#8220;][\/et_pb_image][\/et_pb_column][et_pb_column type=&#8220;1_6&#8243; _builder_version=&#8220;4.16&#8243; _module_preset=&#8220;default&#8220; global_colors_info=&#8220;{}&#8220;][et_pb_text _builder_version=&#8220;4.19.2&#8243; _module_preset=&#8220;default&#8220; link_font=&#8220;Poppins||||||||&#8220; link_text_color=&#8220;#232323&#8243; ul_font=&#8220;Poppins||||||||&#8220; custom_margin=&#8220;|||-20px|false|false&#8220; link_option_url=&#8220;https:\/\/comunidadnautica.com\/espana-la-primera-marina-exclusiva-para-catamaranes-de-europa-esta-en-port-ginesta\/&#8220; link_option_url_new_window=&#8220;on&#8220; locked=&#8220;off&#8220; global_colors_info=&#8220;{}&#8220;]<\/p>\n<p><a href=\"https:\/\/comunidadnautica.com\/espana-la-primera-marina-exclusiva-para-catamaranes-de-europa-esta-en-port-ginesta\/\" target=\"_blank\" rel=\"noopener\">Comunidad N\u00e1utica<\/a><br \/>Dez 22<\/p>\n<p>[\/et_pb_text][\/et_pb_column][\/et_pb_row][et_pb_row column_structure=&#8220;1_6,1_6,1_6,1_6,1_6,1_6&#8243; _builder_version=&#8220;4.16&#8243; _module_preset=&#8220;default&#8220; custom_margin=&#8220;0px||||false|false&#8220; custom_padding=&#8220;20px|10px|0px|10px|false|true&#8220; locked=&#8220;off&#8220; global_colors_info=&#8220;{}&#8220;][et_pb_column type=&#8220;1_6&#8243; _builder_version=&#8220;4.16&#8243; _module_preset=&#8220;default&#8220; global_colors_info=&#8220;{}&#8220;][et_pb_image src=&#8220;https:\/\/www.portginesta.com\/wp-content\/uploads\/2024\/06\/ny-73.webp&#8220; alt=&#8220;Actunautique &#8211; Diciembre 2022&#8243; title_text=&#8220;ny-73&#8243; url=&#8220;https:\/\/www.portginesta.com\/wp-content\/uploads\/2024\/06\/NY_73-PORT-GINESTA.pdf&#8220; url_new_window=&#8220;on&#8220; _builder_version=&#8220;4.25.1&#8243; _module_preset=&#8220;default&#8220; custom_padding=&#8220;|||3em|false|false&#8220; hover_enabled=&#8220;0&#8243; global_colors_info=&#8220;{}&#8220; sticky_enabled=&#8220;0&#8243;][\/et_pb_image][\/et_pb_column][et_pb_column type=&#8220;1_6&#8243; _builder_version=&#8220;4.16&#8243; _module_preset=&#8220;default&#8220; global_colors_info=&#8220;{}&#8220;][et_pb_text _builder_version=&#8220;4.25.1&#8243; _module_preset=&#8220;default&#8220; link_font=&#8220;Poppins||||||||&#8220; link_text_color=&#8220;#232323&#8243; ul_font=&#8220;Poppins||||||||&#8220; custom_margin=&#8220;|||-20px|false|false&#8220; link_option_url=&#8220;https:\/\/www.portginesta.com\/wp-content\/uploads\/2022\/01\/Multicoques206.pdf&#8220; link_option_url_new_window=&#8220;on&#8220; global_colors_info=&#8220;{}&#8220;]<\/p>\n<p><a href=\"https:\/\/nauticayyates.com\/hemeroteca\/\">N\u00e1utica &amp; Yates<\/a><br \/>Ju 24<\/p>\n<p>[\/et_pb_text][\/et_pb_column][et_pb_column type=&#8220;1_6&#8243; _builder_version=&#8220;4.16&#8243; _module_preset=&#8220;default&#8220; global_colors_info=&#8220;{}&#8220;][\/et_pb_column][et_pb_column type=&#8220;1_6&#8243; _builder_version=&#8220;4.16&#8243; _module_preset=&#8220;default&#8220; global_colors_info=&#8220;{}&#8220;][\/et_pb_column][et_pb_column type=&#8220;1_6&#8243; _builder_version=&#8220;4.16&#8243; _module_preset=&#8220;default&#8220; global_colors_info=&#8220;{}&#8220;][\/et_pb_column][et_pb_column type=&#8220;1_6&#8243; _builder_version=&#8220;4.16&#8243; _module_preset=&#8220;default&#8220; global_colors_info=&#8220;{}&#8220;][\/et_pb_column][\/et_pb_row][et_pb_row _builder_version=&#8220;4.16&#8243; _module_preset=&#8220;default&#8220; global_colors_info=&#8220;{}&#8220;][et_pb_column type=&#8220;4_4&#8243; _builder_version=&#8220;4.16&#8243; _module_preset=&#8220;default&#8220; global_colors_info=&#8220;{}&#8220;][et_pb_image src=&#8220;https:\/\/www.portginesta.com\/wp-content\/uploads\/2022\/01\/logo-documentos.jpg&#8220; title_text=&#8220;logo-documentos&#8220; _builder_version=&#8220;4.16&#8243; _module_preset=&#8220;default&#8220; width=&#8220;450px&#8220; module_alignment=&#8220;center&#8220; custom_margin=&#8220;0px||0px||true|false&#8220; custom_padding=&#8220;0px||0px||true|false&#8220; global_colors_info=&#8220;{}&#8220;][\/et_pb_image][\/et_pb_column][\/et_pb_row][\/et_pb_section][et_pb_section fb_built=&#8220;1&#8243; _builder_version=&#8220;4.16&#8243; _module_preset=&#8220;default&#8220; background_image=&#8220;https:\/\/www.portginesta.com\/wp-content\/uploads\/2022\/01\/port-ginesta-fondo3.jpg&#8220; custom_padding=&#8220;30px||30px||true|false&#8220; global_colors_info=&#8220;{}&#8220;][et_pb_row _builder_version=&#8220;4.16&#8243; _module_preset=&#8220;default&#8220; global_colors_info=&#8220;{}&#8220;][et_pb_column type=&#8220;4_4&#8243; _builder_version=&#8220;4.16&#8243; _module_preset=&#8220;default&#8220; global_colors_info=&#8220;{}&#8220;][et_pb_image src=&#8220;https:\/\/www.portginesta.com\/wp-content\/uploads\/2022\/01\/Logos-port-ginesta-sur-multihull-3.png&#8220; title_text=&#8220;Logos-port-ginesta-sur-multihull-3&#8243; _builder_version=&#8220;4.16&#8243; _module_preset=&#8220;default&#8220; max_width=&#8220;800px&#8220; module_alignment=&#8220;center&#8220; global_colors_info=&#8220;{}&#8220;][\/et_pb_image][et_pb_button button_url=&#8220;\/tarifas-reservas\/&#8220; button_text=&#8220;RESERVAS&#8220; button_alignment=&#8220;center&#8220; _builder_version=&#8220;4.16&#8243; _module_preset=&#8220;default&#8220; custom_button=&#8220;on&#8220; button_text_color=&#8220;#FFFFFF&#8220; button_bg_color=&#8220;#002554&#8243; button_border_width=&#8220;0px&#8220; button_border_radius=&#8220;0px&#8220; button_font=&#8220;Poppins|700|||||||&#8220; button_icon=&#8220;&#xf13d;||fa||900&#8243; button_icon_color=&#8220;#0089C0&#8243; button_on_hover=&#8220;off&#8220; custom_css_main_element=&#8220;width: 100%;&#8220; box_shadow_style=&#8220;preset3&#8243; global_colors_info=&#8220;{}&#8220;][\/et_pb_button][\/et_pb_column][\/et_pb_row][\/et_pb_section]<\/p>\n","protected":false},"excerpt":{"rendered":"<p>MEDIENAUFTRITTELes Costes Ausgabe 1Les Costes Ausgabe 2MultihullsJanuar bis Februar 2021Les Costes Auflage 3MaresOktober 2020Yacht Revue Jan 2020Les Costes Auflage 3MaresOktober 2020Yacht Online Jan 2020Zeilen2020Yachting World Jan 2020Yacht Online Sept 2019MulticoquesApril 2021MaresApril 2021Barches Multifull Friendly Marinas22. OktoberN\u00e1utica &amp; Yates22. OktoberEl Punt Avui22. OktoberEl Llobregat22. OktoberM\u00e9s Economia22. NovCMD Sport22. NovVela e Motore22. OktYacht22. NovNaucher22. NovInterempresas22. NovN\u00e1utica &amp; [&hellip;]<\/p>\n","protected":false},"author":1,"featured_media":0,"parent":0,"menu_order":0,"comment_status":"closed","ping_status":"closed","template":"","meta":{"_et_pb_use_builder":"on","_et_pb_old_content":"","_et_gb_content_width":"","inline_featured_image":false,"footnotes":""},"class_list":["post-3432","page","type-page","status-publish","hentry"],"yoast_head":"<!-- This site is optimized with the Yoast SEO plugin v27.5 - https:\/\/yoast.com\/product\/yoast-seo-wordpress\/ -->\n<title>Medienauftritte - Port Ginesta<\/title>\n<meta name=\"robots\" content=\"index, follow, max-snippet:-1, max-image-preview:large, max-video-preview:-1\" \/>\n<link rel=\"canonical\" href=\"https:\/\/www.portginesta.com\/prensa\/\" \/>\n<meta property=\"og:locale\" content=\"de_DE\" \/>\n<meta property=\"og:type\" content=\"article\" \/>\n<meta property=\"og:title\" content=\"Medienauftritte - Port Ginesta\" \/>\n<meta property=\"og:description\" content=\"MEDIENAUFTRITTELes Costes Ausgabe 1Les Costes Ausgabe 2MultihullsJanuar bis Februar 2021Les Costes Auflage 3MaresOktober 2020Yacht Revue Jan 2020Les Costes Auflage 3MaresOktober 2020Yacht Online Jan 2020Zeilen2020Yachting World Jan 2020Yacht Online Sept 2019MulticoquesApril 2021MaresApril 2021Barches Multifull Friendly Marinas22. OktoberN\u00e1utica &amp; Yates22. OktoberEl Punt Avui22. OktoberEl Llobregat22. OktoberM\u00e9s Economia22. NovCMD Sport22. NovVela e Motore22. OktYacht22. NovNaucher22. NovInterempresas22. NovN\u00e1utica &amp; [&hellip;]\" \/>\n<meta property=\"og:url\" content=\"https:\/\/www.portginesta.com\/prensa\/\" \/>\n<meta property=\"og:site_name\" content=\"Port Ginesta\" \/>\n<meta property=\"article:modified_time\" content=\"2024-06-03T08:11:49+00:00\" \/>\n<meta name=\"twitter:card\" content=\"summary_large_image\" \/>\n<meta name=\"twitter:label1\" content=\"Gesch\u00e4tzte Lesezeit\" \/>\n\t<meta name=\"twitter:data1\" content=\"37\u00a0Minuten\" \/>\n<script type=\"application\/ld+json\" class=\"yoast-schema-graph\">{\"@context\":\"https:\\\/\\\/schema.org\",\"@graph\":[{\"@type\":\"WebPage\",\"@id\":\"https:\\\/\\\/www.portginesta.com\\\/prensa\\\/\",\"url\":\"https:\\\/\\\/www.portginesta.com\\\/prensa\\\/\",\"name\":\"Medienauftritte - Port Ginesta\",\"isPartOf\":{\"@id\":\"https:\\\/\\\/www.portginesta.com\\\/#website\"},\"datePublished\":\"2022-05-18T09:10:27+00:00\",\"dateModified\":\"2024-06-03T08:11:49+00:00\",\"breadcrumb\":{\"@id\":\"https:\\\/\\\/www.portginesta.com\\\/prensa\\\/#breadcrumb\"},\"inLanguage\":\"de\",\"potentialAction\":[{\"@type\":\"ReadAction\",\"target\":[\"https:\\\/\\\/www.portginesta.com\\\/prensa\\\/\"]}]},{\"@type\":\"BreadcrumbList\",\"@id\":\"https:\\\/\\\/www.portginesta.com\\\/prensa\\\/#breadcrumb\",\"itemListElement\":[{\"@type\":\"ListItem\",\"position\":1,\"name\":\"Portada\",\"item\":\"https:\\\/\\\/www.portginesta.com\\\/\"},{\"@type\":\"ListItem\",\"position\":2,\"name\":\"Medienauftritte\"}]},{\"@type\":\"WebSite\",\"@id\":\"https:\\\/\\\/www.portginesta.com\\\/#website\",\"url\":\"https:\\\/\\\/www.portginesta.com\\\/\",\"name\":\"Port Ginesta\",\"description\":\"Otro sitio realizado con WordPress\",\"potentialAction\":[{\"@type\":\"SearchAction\",\"target\":{\"@type\":\"EntryPoint\",\"urlTemplate\":\"https:\\\/\\\/www.portginesta.com\\\/?s={search_term_string}\"},\"query-input\":{\"@type\":\"PropertyValueSpecification\",\"valueRequired\":true,\"valueName\":\"search_term_string\"}}],\"inLanguage\":\"de\"}]}<\/script>\n<!-- \/ Yoast SEO plugin. -->","yoast_head_json":{"title":"Medienauftritte - Port Ginesta","robots":{"index":"index","follow":"follow","max-snippet":"max-snippet:-1","max-image-preview":"max-image-preview:large","max-video-preview":"max-video-preview:-1"},"canonical":"https:\/\/www.portginesta.com\/prensa\/","og_locale":"de_DE","og_type":"article","og_title":"Medienauftritte - Port Ginesta","og_description":"MEDIENAUFTRITTELes Costes Ausgabe 1Les Costes Ausgabe 2MultihullsJanuar bis Februar 2021Les Costes Auflage 3MaresOktober 2020Yacht Revue Jan 2020Les Costes Auflage 3MaresOktober 2020Yacht Online Jan 2020Zeilen2020Yachting World Jan 2020Yacht Online Sept 2019MulticoquesApril 2021MaresApril 2021Barches Multifull Friendly Marinas22. OktoberN\u00e1utica &amp; Yates22. OktoberEl Punt Avui22. OktoberEl Llobregat22. OktoberM\u00e9s Economia22. NovCMD Sport22. NovVela e Motore22. OktYacht22. NovNaucher22. NovInterempresas22. NovN\u00e1utica &amp; [&hellip;]","og_url":"https:\/\/www.portginesta.com\/prensa\/","og_site_name":"Port Ginesta","article_modified_time":"2024-06-03T08:11:49+00:00","twitter_card":"summary_large_image","twitter_misc":{"Gesch\u00e4tzte Lesezeit":"37\u00a0Minuten"},"schema":{"@context":"https:\/\/schema.org","@graph":[{"@type":"WebPage","@id":"https:\/\/www.portginesta.com\/prensa\/","url":"https:\/\/www.portginesta.com\/prensa\/","name":"Medienauftritte - Port Ginesta","isPartOf":{"@id":"https:\/\/www.portginesta.com\/#website"},"datePublished":"2022-05-18T09:10:27+00:00","dateModified":"2024-06-03T08:11:49+00:00","breadcrumb":{"@id":"https:\/\/www.portginesta.com\/prensa\/#breadcrumb"},"inLanguage":"de","potentialAction":[{"@type":"ReadAction","target":["https:\/\/www.portginesta.com\/prensa\/"]}]},{"@type":"BreadcrumbList","@id":"https:\/\/www.portginesta.com\/prensa\/#breadcrumb","itemListElement":[{"@type":"ListItem","position":1,"name":"Portada","item":"https:\/\/www.portginesta.com\/"},{"@type":"ListItem","position":2,"name":"Medienauftritte"}]},{"@type":"WebSite","@id":"https:\/\/www.portginesta.com\/#website","url":"https:\/\/www.portginesta.com\/","name":"Port Ginesta","description":"Otro sitio realizado con WordPress","potentialAction":[{"@type":"SearchAction","target":{"@type":"EntryPoint","urlTemplate":"https:\/\/www.portginesta.com\/?s={search_term_string}"},"query-input":{"@type":"PropertyValueSpecification","valueRequired":true,"valueName":"search_term_string"}}],"inLanguage":"de"}]}},"_links":{"self":[{"href":"https:\/\/www.portginesta.com\/de\/wp-json\/wp\/v2\/pages\/3432","targetHints":{"allow":["GET"]}}],"collection":[{"href":"https:\/\/www.portginesta.com\/de\/wp-json\/wp\/v2\/pages"}],"about":[{"href":"https:\/\/www.portginesta.com\/de\/wp-json\/wp\/v2\/types\/page"}],"author":[{"embeddable":true,"href":"https:\/\/www.portginesta.com\/de\/wp-json\/wp\/v2\/users\/1"}],"replies":[{"embeddable":true,"href":"https:\/\/www.portginesta.com\/de\/wp-json\/wp\/v2\/comments?post=3432"}],"version-history":[{"count":2,"href":"https:\/\/www.portginesta.com\/de\/wp-json\/wp\/v2\/pages\/3432\/revisions"}],"predecessor-version":[{"id":8812,"href":"https:\/\/www.portginesta.com\/de\/wp-json\/wp\/v2\/pages\/3432\/revisions\/8812"}],"wp:attachment":[{"href":"https:\/\/www.portginesta.com\/de\/wp-json\/wp\/v2\/media?parent=3432"}],"curies":[{"name":"wp","href":"https:\/\/api.w.org\/{rel}","templated":true}]}}