{"id":3897,"date":"2022-06-15T12:21:13","date_gmt":"2022-06-15T12:21:13","guid":{"rendered":"http:\/\/www.portginesta.com\/envirnonnement\/"},"modified":"2024-01-23T15:18:45","modified_gmt":"2024-01-23T15:18:45","slug":"envirnonnement","status":"publish","type":"page","link":"https:\/\/www.portginesta.com\/fr\/envirnonnement\/","title":{"rendered":"Envirnonnement"},"content":{"rendered":"<p>[et_pb_section fb_built=\u00a0\u00bb1&Prime; _builder_version=\u00a0\u00bb4.16&Prime; _module_preset=\u00a0\u00bbdefault\u00a0\u00bb custom_padding=\u00a0\u00bb5px||0px||false|false\u00a0\u00bb global_colors_info=\u00a0\u00bb{}\u00a0\u00bb][et_pb_row _builder_version=\u00a0\u00bb4.16&Prime; _module_preset=\u00a0\u00bbdefault\u00a0\u00bb custom_padding=\u00a0\u00bb60px|10px|27px|10px|false|true\u00a0\u00bb global_colors_info=\u00a0\u00bb{}\u00a0\u00bb][et_pb_column type=\u00a0\u00bb4_4&Prime; _builder_version=\u00a0\u00bb4.16&Prime; _module_preset=\u00a0\u00bbdefault\u00a0\u00bb global_colors_info=\u00a0\u00bb{}\u00a0\u00bb][et_pb_text _builder_version=\u00a0\u00bb4.16&Prime; _module_preset=\u00a0\u00bbdefault\u00a0\u00bb header_font=\u00a0\u00bbPoppins|700|||||||\u00a0\u00bb header_text_color=\u00a0\u00bb#002554&Prime; custom_margin=\u00a0\u00bb||10px||false|false\u00a0\u00bb global_colors_info=\u00a0\u00bb{}\u00a0\u00bb]<\/p>\n<h1>ENVIRNONNEMENT<\/h1>\n<p>[\/et_pb_text][et_pb_divider color=\u00a0\u00bb#FFD600&Prime; divider_weight=\u00a0\u00bb5px\u00a0\u00bb _builder_version=\u00a0\u00bb4.16&Prime; _module_preset=\u00a0\u00bbdefault\u00a0\u00bb max_width=\u00a0\u00bb50px\u00a0\u00bb custom_margin=\u00a0\u00bb0px||0px||true|false\u00a0\u00bb custom_padding=\u00a0\u00bb0px||0px||true|false\u00a0\u00bb global_colors_info=\u00a0\u00bb{}\u00a0\u00bb][\/et_pb_divider][\/et_pb_column][\/et_pb_row][\/et_pb_section][et_pb_section fb_built=\u00a0\u00bb1&Prime; _builder_version=\u00a0\u00bb4.19.2&Prime; _module_preset=\u00a0\u00bbdefault\u00a0\u00bb background_image=\u00a0\u00bbhttps:\/\/www.portginesta.com\/wp-content\/uploads\/2024\/01\/cabecera-entorno-port-ginesta-24.webp\u00a0\u00bb background_position=\u00a0\u00bbcenter_left\u00a0\u00bb min_height=\u00a0\u00bb250px\u00a0\u00bb hover_enabled=\u00a0\u00bb0&Prime; global_colors_info=\u00a0\u00bb{}\u00a0\u00bb title_text=\u00a0\u00bbcabecera-entorno-port-ginesta-24&Prime; sticky_enabled=\u00a0\u00bb0&Prime;][et_pb_row _builder_version=\u00a0\u00bb4.16&Prime; _module_preset=\u00a0\u00bbdefault\u00a0\u00bb global_colors_info=\u00a0\u00bb{}\u00a0\u00bb][et_pb_column type=\u00a0\u00bb4_4&Prime; _builder_version=\u00a0\u00bb4.16&Prime; _module_preset=\u00a0\u00bbdefault\u00a0\u00bb global_colors_info=\u00a0\u00bb{}\u00a0\u00bb][\/et_pb_column][\/et_pb_row][\/et_pb_section][et_pb_section fb_built=\u00a0\u00bb1&Prime; disabled_on=\u00a0\u00bboff|off|off\u00a0\u00bb module_class=\u00a0\u00bbseccion-documentos\u00a0\u00bb _builder_version=\u00a0\u00bb4.16&Prime; _module_preset=\u00a0\u00bbdefault\u00a0\u00bb custom_margin=\u00a0\u00bb0px||0px||true|false\u00a0\u00bb custom_padding=\u00a0\u00bb60px||39px||false|false\u00a0\u00bb background_last_edited=\u00a0\u00bbon|tablet\u00a0\u00bb background_enable_color_tablet=\u00a0\u00bboff\u00a0\u00bb locked=\u00a0\u00bboff\u00a0\u00bb global_colors_info=\u00a0\u00bb{}\u00a0\u00bb][et_pb_row column_structure=\u00a0\u00bb2_3,1_3&Prime; _builder_version=\u00a0\u00bb4.16&Prime; _module_preset=\u00a0\u00bbdefault\u00a0\u00bb custom_margin=\u00a0\u00bb-31px|auto||auto|false|false\u00a0\u00bb custom_padding=\u00a0\u00bb20px|10px||10px|false|true\u00a0\u00bb global_colors_info=\u00a0\u00bb{}\u00a0\u00bb][et_pb_column type=\u00a0\u00bb2_3&Prime; _builder_version=\u00a0\u00bb4.16&Prime; _module_preset=\u00a0\u00bbdefault\u00a0\u00bb global_colors_info=\u00a0\u00bb{}\u00a0\u00bb][et_pb_text _builder_version=\u00a0\u00bb4.16&Prime; _module_preset=\u00a0\u00bbdefault\u00a0\u00bb header_3_font=\u00a0\u00bbPoppins|700|||||||\u00a0\u00bb header_3_text_align=\u00a0\u00bbleft\u00a0\u00bb header_3_font_size=\u00a0\u00bb20px\u00a0\u00bb custom_margin=\u00a0\u00bb||15px||false|false\u00a0\u00bb custom_padding_tablet=\u00a0\u00bb18px||||false|false\u00a0\u00bb custom_padding_phone=\u00a0\u00bb18px||||false|false\u00a0\u00bb custom_padding_last_edited=\u00a0\u00bbon|tablet\u00a0\u00bb header_3_text_align_tablet=\u00a0\u00bbcenter\u00a0\u00bb header_3_text_align_phone=\u00a0\u00bbleft\u00a0\u00bb header_3_text_align_last_edited=\u00a0\u00bbon|tablet\u00a0\u00bb header_3_text_color_tablet=\u00a0\u00bb#002554&Prime; header_3_text_color_phone=\u00a0\u00bb#002554&Prime; header_3_text_color_last_edited=\u00a0\u00bbon|tablet\u00a0\u00bb global_colors_info=\u00a0\u00bb{}\u00a0\u00bb]<\/p>\n<h3>ENVIRNONNEMENT NATUREL PRIVILEGIE<\/h3>\n<p>[\/et_pb_text][et_pb_text _builder_version=\u00a0\u00bb4.16&Prime; _module_preset=\u00a0\u00bbdefault\u00a0\u00bb text_text_color=\u00a0\u00bb#000000&Prime; global_colors_info=\u00a0\u00bb{}\u00a0\u00bb]Port Ginesta se trouve aux pieds du Parc Naturel Garraf qui comprend les r\u00e9gions de Garraf et dans le secteur Sud-ouest de la zone de la C\u00f4te Catalane.<\/p>\n<p>Bord\u00e9 par la basse vall\u00e9e de la rivi\u00e8re Llobregat, la Mer M\u00e9diterran\u00e9e et la d\u00e9pression de Pened\u00e8s. Il occupe un \u00e9tendu de 12.820 hectares.<\/p>\n<p>C&rsquo;est un paysage essentiellement rocailleux, d&rsquo;un aspect lunaire, avec de nombreuses grottes souterraines et cavernes form\u00e9es par l&rsquo;action de l&rsquo;eau sur le calcaire. Ces caract\u00e9ristiques g\u00e9ologiques sont aussi le r\u00e9sultat des rivi\u00e8res \u00e0 l&rsquo;int\u00e9rieur des montagnes jaillissant comme des sources naturelles d&rsquo;eau douce au pied de la montagne, exactement o\u00f9 se trouve Port Ginesta.<br \/>\nDans le cadre des installations portuaires on trouve la magnifique plage de Cala Ginesta. C&rsquo;est une plage au bas du Parc Naturel de Garraf avec un acc\u00e8s publique \u00e0 travers le port par une belle route et un paysage de dunes dessin\u00e9 par l&rsquo;Architecte Bet Figueras, qui a \u00e9galement con\u00e7u, parmi bien d&rsquo;autres projets cr\u00e9atifs, le Jardin Botanique de Barcelone.[\/et_pb_text][\/et_pb_column][et_pb_column type=\u00a0\u00bb1_3&Prime; _builder_version=\u00a0\u00bb4.16&Prime; _module_preset=\u00a0\u00bbdefault\u00a0\u00bb global_colors_info=\u00a0\u00bb{}\u00a0\u00bb][et_pb_text _builder_version=\u00a0\u00bb4.16&Prime; _module_preset=\u00a0\u00bbdefault\u00a0\u00bb link_font=\u00a0\u00bbPoppins||||||||\u00a0\u00bb link_text_color=\u00a0\u00bb#232323&Prime; ul_font=\u00a0\u00bbPoppins||||||||\u00a0\u00bb link_option_url_new_window=\u00a0\u00bbon\u00a0\u00bb locked=\u00a0\u00bboff\u00a0\u00bb global_colors_info=\u00a0\u00bb{}\u00a0\u00bb]<\/p>\n<ul class=\"lista-docs-desc\">\n<li>\n<div class=\"pdf_link\"><a href=\"https:\/\/www.portginesta.com\/wp-content\/uploads\/2022\/10\/politica-port-ginesta-octubre-22.pdf\" target=\"_blank\" rel=\"noopener\"><i class=\"far fa-file-alt\"><\/i> Politique de Port Ginesta<\/a><\/div>\n<\/li>\n<li><a href=\"https:\/\/www.portginesta.com\/wp-content\/uploads\/2022\/10\/declaracion-ambiental-port-ginesta-octubre-22.pdf\" target=\"_blank\" rel=\"noopener\"><i class=\"far fa-file-alt\"><\/i> D\u00e9claration de l&rsquo;Environnement Port Ginesta<\/a><\/li>\n<li><a href=\"http:\/\/www.portginesta.com\/wp-content\/uploads\/2022\/01\/Manual-de-bones-practiques-mediambientals.pdf\"><i class=\"far fa-file-alt\"><\/i> Manuel des bonnes pratiques de l&rsquo;Environnement<\/a><\/li>\n<li><a href=\"http:\/\/www.portginesta.com\/enquete-de-satisfaction\/?lang=fr\"><i class=\"far fa-file-alt\"><\/i> Questionnaire de Satisfaction \/ Qualit\u00e9 \u00e0 remplir<\/a><\/li>\n<\/ul>\n<p>[\/et_pb_text][\/et_pb_column][\/et_pb_row][\/et_pb_section][et_pb_section fb_built=\u00a0\u00bb1&Prime; _builder_version=\u00a0\u00bb4.16&Prime; _module_preset=\u00a0\u00bbdefault\u00a0\u00bb background_image=\u00a0\u00bbhttps:\/\/www.portginesta.com\/wp-content\/uploads\/2022\/01\/port-ginesta-fondo3.jpg\u00a0\u00bb custom_padding=\u00a0\u00bb30px||30px||true|false\u00a0\u00bb global_colors_info=\u00a0\u00bb{}\u00a0\u00bb][et_pb_row _builder_version=\u00a0\u00bb4.16&Prime; _module_preset=\u00a0\u00bbdefault\u00a0\u00bb global_colors_info=\u00a0\u00bb{}\u00a0\u00bb][et_pb_column type=\u00a0\u00bb4_4&Prime; _builder_version=\u00a0\u00bb4.16&Prime; _module_preset=\u00a0\u00bbdefault\u00a0\u00bb global_colors_info=\u00a0\u00bb{}\u00a0\u00bb][et_pb_image src=\u00a0\u00bbhttps:\/\/www.portginesta.com\/wp-content\/uploads\/2022\/01\/Logos-port-ginesta-sur-multihull-3.png\u00a0\u00bb title_text=\u00a0\u00bbLogos-port-ginesta-sur-multihull-3&Prime; _builder_version=\u00a0\u00bb4.16&Prime; _module_preset=\u00a0\u00bbdefault\u00a0\u00bb max_width=\u00a0\u00bb800px\u00a0\u00bb module_alignment=\u00a0\u00bbcenter\u00a0\u00bb global_colors_info=\u00a0\u00bb{}\u00a0\u00bb][\/et_pb_image][et_pb_button button_url=\u00a0\u00bb\/tarifas-reservas\/\u00a0\u00bb button_text=\u00a0\u00bbR\u00c9SERVATIONS\u00a0\u00bb button_alignment=\u00a0\u00bbcenter\u00a0\u00bb _builder_version=\u00a0\u00bb4.16&Prime; _module_preset=\u00a0\u00bbdefault\u00a0\u00bb custom_button=\u00a0\u00bbon\u00a0\u00bb button_text_color=\u00a0\u00bb#FFFFFF\u00a0\u00bb button_bg_color=\u00a0\u00bb#002554&Prime; button_border_width=\u00a0\u00bb0px\u00a0\u00bb button_border_radius=\u00a0\u00bb0px\u00a0\u00bb button_font=\u00a0\u00bbPoppins|700|||||||\u00a0\u00bb button_icon=\u00a0\u00bb&#xf13d;||fa||900&Prime; button_icon_color=\u00a0\u00bb#0089C0&Prime; button_on_hover=\u00a0\u00bboff\u00a0\u00bb custom_css_main_element=\u00a0\u00bbwidth: 100%;\u00a0\u00bb box_shadow_style=\u00a0\u00bbpreset3&Prime; global_colors_info=\u00a0\u00bb{}\u00a0\u00bb][\/et_pb_button][\/et_pb_column][\/et_pb_row][\/et_pb_section]<\/p>\n","protected":false},"excerpt":{"rendered":"<p>ENVIRNONNEMENTENVIRNONNEMENT NATUREL PRIVILEGIEPort Ginesta se trouve aux pieds du Parc Naturel Garraf qui comprend les r\u00e9gions de Garraf et dans le secteur Sud-ouest de la zone de la C\u00f4te Catalane. Bord\u00e9 par la basse vall\u00e9e de la rivi\u00e8re Llobregat, la Mer M\u00e9diterran\u00e9e et la d\u00e9pression de Pened\u00e8s. Il occupe un \u00e9tendu de 12.820 hectares. C&rsquo;est [&hellip;]<\/p>\n","protected":false},"author":1,"featured_media":0,"parent":0,"menu_order":0,"comment_status":"closed","ping_status":"closed","template":"","meta":{"_et_pb_use_builder":"on","_et_pb_old_content":"","_et_gb_content_width":"","inline_featured_image":false,"footnotes":""},"class_list":["post-3897","page","type-page","status-publish","hentry"],"yoast_head":"<!-- This site is optimized with the Yoast SEO plugin v27.5 - https:\/\/yoast.com\/product\/yoast-seo-wordpress\/ -->\n<title>Envirnonnement - Port Ginesta<\/title>\n<meta name=\"robots\" content=\"index, follow, max-snippet:-1, max-image-preview:large, max-video-preview:-1\" \/>\n<link rel=\"canonical\" href=\"https:\/\/www.portginesta.com\/entorno\/\" \/>\n<meta property=\"og:locale\" content=\"fr_FR\" \/>\n<meta property=\"og:type\" content=\"article\" \/>\n<meta property=\"og:title\" content=\"Envirnonnement - Port Ginesta\" \/>\n<meta property=\"og:description\" content=\"ENVIRNONNEMENTENVIRNONNEMENT NATUREL PRIVILEGIEPort Ginesta se trouve aux pieds du Parc Naturel Garraf qui comprend les r\u00e9gions de Garraf et dans le secteur Sud-ouest de la zone de la C\u00f4te Catalane. Bord\u00e9 par la basse vall\u00e9e de la rivi\u00e8re Llobregat, la Mer M\u00e9diterran\u00e9e et la d\u00e9pression de Pened\u00e8s. Il occupe un \u00e9tendu de 12.820 hectares. C&#039;est [&hellip;]\" \/>\n<meta property=\"og:url\" content=\"https:\/\/www.portginesta.com\/entorno\/\" \/>\n<meta property=\"og:site_name\" content=\"Port Ginesta\" \/>\n<meta property=\"article:modified_time\" content=\"2024-01-23T15:18:45+00:00\" \/>\n<meta name=\"twitter:card\" content=\"summary_large_image\" \/>\n<meta name=\"twitter:label1\" content=\"Dur\u00e9e de lecture estim\u00e9e\" \/>\n\t<meta name=\"twitter:data1\" content=\"4 minutes\" \/>\n<script type=\"application\/ld+json\" class=\"yoast-schema-graph\">{\"@context\":\"https:\\\/\\\/schema.org\",\"@graph\":[{\"@type\":\"WebPage\",\"@id\":\"https:\\\/\\\/www.portginesta.com\\\/entorno\\\/\",\"url\":\"https:\\\/\\\/www.portginesta.com\\\/entorno\\\/\",\"name\":\"Envirnonnement - Port Ginesta\",\"isPartOf\":{\"@id\":\"https:\\\/\\\/www.portginesta.com\\\/#website\"},\"datePublished\":\"2022-06-15T12:21:13+00:00\",\"dateModified\":\"2024-01-23T15:18:45+00:00\",\"breadcrumb\":{\"@id\":\"https:\\\/\\\/www.portginesta.com\\\/entorno\\\/#breadcrumb\"},\"inLanguage\":\"fr-FR\",\"potentialAction\":[{\"@type\":\"ReadAction\",\"target\":[\"https:\\\/\\\/www.portginesta.com\\\/entorno\\\/\"]}]},{\"@type\":\"BreadcrumbList\",\"@id\":\"https:\\\/\\\/www.portginesta.com\\\/entorno\\\/#breadcrumb\",\"itemListElement\":[{\"@type\":\"ListItem\",\"position\":1,\"name\":\"Portada\",\"item\":\"https:\\\/\\\/www.portginesta.com\\\/\"},{\"@type\":\"ListItem\",\"position\":2,\"name\":\"Envirnonnement\"}]},{\"@type\":\"WebSite\",\"@id\":\"https:\\\/\\\/www.portginesta.com\\\/#website\",\"url\":\"https:\\\/\\\/www.portginesta.com\\\/\",\"name\":\"Port Ginesta\",\"description\":\"Otro sitio realizado con WordPress\",\"potentialAction\":[{\"@type\":\"SearchAction\",\"target\":{\"@type\":\"EntryPoint\",\"urlTemplate\":\"https:\\\/\\\/www.portginesta.com\\\/?s={search_term_string}\"},\"query-input\":{\"@type\":\"PropertyValueSpecification\",\"valueRequired\":true,\"valueName\":\"search_term_string\"}}],\"inLanguage\":\"fr-FR\"}]}<\/script>\n<!-- \/ Yoast SEO plugin. -->","yoast_head_json":{"title":"Envirnonnement - Port Ginesta","robots":{"index":"index","follow":"follow","max-snippet":"max-snippet:-1","max-image-preview":"max-image-preview:large","max-video-preview":"max-video-preview:-1"},"canonical":"https:\/\/www.portginesta.com\/entorno\/","og_locale":"fr_FR","og_type":"article","og_title":"Envirnonnement - Port Ginesta","og_description":"ENVIRNONNEMENTENVIRNONNEMENT NATUREL PRIVILEGIEPort Ginesta se trouve aux pieds du Parc Naturel Garraf qui comprend les r\u00e9gions de Garraf et dans le secteur Sud-ouest de la zone de la C\u00f4te Catalane. Bord\u00e9 par la basse vall\u00e9e de la rivi\u00e8re Llobregat, la Mer M\u00e9diterran\u00e9e et la d\u00e9pression de Pened\u00e8s. Il occupe un \u00e9tendu de 12.820 hectares. C'est [&hellip;]","og_url":"https:\/\/www.portginesta.com\/entorno\/","og_site_name":"Port Ginesta","article_modified_time":"2024-01-23T15:18:45+00:00","twitter_card":"summary_large_image","twitter_misc":{"Dur\u00e9e de lecture estim\u00e9e":"4 minutes"},"schema":{"@context":"https:\/\/schema.org","@graph":[{"@type":"WebPage","@id":"https:\/\/www.portginesta.com\/entorno\/","url":"https:\/\/www.portginesta.com\/entorno\/","name":"Envirnonnement - Port Ginesta","isPartOf":{"@id":"https:\/\/www.portginesta.com\/#website"},"datePublished":"2022-06-15T12:21:13+00:00","dateModified":"2024-01-23T15:18:45+00:00","breadcrumb":{"@id":"https:\/\/www.portginesta.com\/entorno\/#breadcrumb"},"inLanguage":"fr-FR","potentialAction":[{"@type":"ReadAction","target":["https:\/\/www.portginesta.com\/entorno\/"]}]},{"@type":"BreadcrumbList","@id":"https:\/\/www.portginesta.com\/entorno\/#breadcrumb","itemListElement":[{"@type":"ListItem","position":1,"name":"Portada","item":"https:\/\/www.portginesta.com\/"},{"@type":"ListItem","position":2,"name":"Envirnonnement"}]},{"@type":"WebSite","@id":"https:\/\/www.portginesta.com\/#website","url":"https:\/\/www.portginesta.com\/","name":"Port Ginesta","description":"Otro sitio realizado con WordPress","potentialAction":[{"@type":"SearchAction","target":{"@type":"EntryPoint","urlTemplate":"https:\/\/www.portginesta.com\/?s={search_term_string}"},"query-input":{"@type":"PropertyValueSpecification","valueRequired":true,"valueName":"search_term_string"}}],"inLanguage":"fr-FR"}]}},"_links":{"self":[{"href":"https:\/\/www.portginesta.com\/fr\/wp-json\/wp\/v2\/pages\/3897","targetHints":{"allow":["GET"]}}],"collection":[{"href":"https:\/\/www.portginesta.com\/fr\/wp-json\/wp\/v2\/pages"}],"about":[{"href":"https:\/\/www.portginesta.com\/fr\/wp-json\/wp\/v2\/types\/page"}],"author":[{"embeddable":true,"href":"https:\/\/www.portginesta.com\/fr\/wp-json\/wp\/v2\/users\/1"}],"replies":[{"embeddable":true,"href":"https:\/\/www.portginesta.com\/fr\/wp-json\/wp\/v2\/comments?post=3897"}],"version-history":[{"count":0,"href":"https:\/\/www.portginesta.com\/fr\/wp-json\/wp\/v2\/pages\/3897\/revisions"}],"wp:attachment":[{"href":"https:\/\/www.portginesta.com\/fr\/wp-json\/wp\/v2\/media?parent=3897"}],"curies":[{"name":"wp","href":"https:\/\/api.w.org\/{rel}","templated":true}]}}